{"id":40,"date":"2024-05-07T11:31:52","date_gmt":"2024-05-07T09:31:52","guid":{"rendered":"https:\/\/www.wikimedia.de\/2023\/?page_id=40"},"modified":"2025-10-08T12:39:50","modified_gmt":"2025-10-08T10:39:50","slug":"startseite","status":"publish","type":"page","link":"https:\/\/www.wikimedia.de\/2023\/","title":{"rendered":"Jahresbericht 2023"},"content":{"rendered":"<div class='outer-container'><div class='col-span-12'><div class=\"@container\">\n<a href=\"https:\/\/www.wikimedia.de\/2023\/editorial\/\"\n    class=\"acf-teaser my-10 block p-4 transition @xl:flex gap-5 items-center bg-23-tertiary hover:bg-tertiary-200 border-black border-4\">\n    <div class=\"@xl:basis-2\/3 @3xl:basis-2\/3\n    order-2    \">\n                <h2 class=\"text-2xl @3xl:text-4xl\">Editorial<\/h2>\n                    <p class=\"mt-6 lg:mt-10 hidden @3xl:block text-2xl\">2023 war f\u00fcr unseren Verein ein Jahr, in dem wir dem Freien Wissen auf vielen wichtigen Plattformen eine Stimme geben konnten. Ob beim Digitalgipfel, beim Global Digital Compact, beim Open Source Summit oder bei der re:publica. Das sind nur einige Beispiele f\u00fcr unsere Pr\u00e4senz auf Konferenzen und in Netzwerken, auf denen Wikimedia im vergangenen Jahr politische und technologische Entscheidungen mit vorangetrieben oder in Frage gestellt hat.<\/p>\n            <\/div>\n\n        <div class=\"@xl:basis-1\/3 @3xl:basis-1\/3 order-1\">\n        <div class=\"aspect-w-1 aspect-h-1 bg-23-tertiary hover:bg-tertiary-200 border-black border-4 border-none\">\n            <img loading=\"lazy\" decoding=\"async\" width=\"4724\" height=\"4724\" src=\"https:\/\/www.wikimedia.de\/2023\/wp-content\/uploads\/sites\/38\/2024\/05\/editorial.png\" class=\"object-contain w-full h-full p-2 wp-post-image\" alt=\"Ein Foto von Franziska Heine, Alice Wiegand und Christian Humborg vor einer Grafik mit geometrischen Formen und vier bunten H\u00e4nden, die zwei Puzzleteile zusammenhalten.\" srcset=\"https:\/\/www.wikimedia.de\/2023\/wp-content\/uploads\/sites\/38\/2024\/05\/editorial.png 4724w, https:\/\/www.wikimedia.de\/2023\/wp-content\/uploads\/sites\/38\/2024\/05\/editorial-300x300.png 300w, https:\/\/www.wikimedia.de\/2023\/wp-content\/uploads\/sites\/38\/2024\/05\/editorial-1024x1024.png 1024w, https:\/\/www.wikimedia.de\/2023\/wp-content\/uploads\/sites\/38\/2024\/05\/editorial-150x150.png 150w, https:\/\/www.wikimedia.de\/2023\/wp-content\/uploads\/sites\/38\/2024\/05\/editorial-768x768.png 768w, https:\/\/www.wikimedia.de\/2023\/wp-content\/uploads\/sites\/38\/2024\/05\/editorial-1536x1536.png 1536w, https:\/\/www.wikimedia.de\/2023\/wp-content\/uploads\/sites\/38\/2024\/05\/editorial-2048x2048.png 2048w\" sizes=\"auto, (max-width: 4724px) 100vw, 4724px\" \/>        <\/div>\n    <\/div>\n    <\/a>\n<\/div><\/div><\/div>\n\n\n\n<div class='outer-container'><div class='col-span-12'><div class=\"@container\">\n<a href=\"https:\/\/www.wikimedia.de\/2023\/themen\/gemeinsam-stark-fuer-freies-wissen\/\"\n    class=\"acf-teaser my-10 block p-4 transition @xl:flex gap-5 items-center hover:bg-gray\">\n    <div class=\"@xl:basis-2\/3 @3xl:basis-2\/3\n        \">\n                <h3 class=\"h6\">Wikimedia<\/h3>\n                <h2 class=\"text-2xl @3xl:text-4xl\">Gemeinsam stark f\u00fcr Freies Wissen!<\/h2>\n                    <p class=\"mt-6 lg:mt-10 hidden @3xl:block \">In einer Welt, die zunehmend von Konflikten, Krisen und der Verbreitung von Desinformation gepr\u00e4gt ist, ist der weltweite Einsatz f\u00fcr Freies Wissen wichtiger denn je. Wikimedia Deutschland wurde auch 2023 von mehr als 100.000 Mitgliedern und hunderttausenden Spender*innen unterst\u00fctzt und konnte unter anderem wichtige Weichen f\u00fcr die strategische Ausrichtung des Vereins stellen. <\/p>\n            <\/div>\n\n        <div class=\"@xl:basis-1\/3 @3xl:basis-1\/3 \">\n        <div class=\"aspect-w-1 aspect-h-1 bg-23-primary hover:bg-primary-200 border-4 border-black\">\n            <img loading=\"lazy\" decoding=\"async\" width=\"1409\" height=\"931\" src=\"https:\/\/www.wikimedia.de\/2023\/wp-content\/uploads\/sites\/38\/2024\/05\/Jahresbericht-2023-Wikimedia.svg\" class=\"object-contain w-full h-full p-2 wp-post-image\" alt=\"Grafik mit geometrischen Formen und Gesichtern.\" \/>        <\/div>\n    <\/div>\n    <\/a>\n<\/div><\/div><\/div>\n\n\n\n<div class='outer-container'><div class='col-span-12'><div class=\"@container\">\n<a href=\"https:\/\/www.wikimedia.de\/2023\/themen\/freiwillige\/\"\n    class=\"acf-teaser my-10 block p-4 transition @xl:flex gap-5 items-center hover:bg-gray\">\n    <div class=\"@xl:basis-2\/3 @3xl:basis-2\/3\n    order-2    \">\n                <h3 class=\"h6\">Freiwillige<\/h3>\n                <h2 class=\"text-2xl @3xl:text-4xl\">Wiki-Welten entdecken \u2013 die vielen Facetten der Wikimedia Freiwilligenarbeit<\/h2>\n                    <p class=\"mt-6 lg:mt-10 hidden @3xl:block \">Die Wikimedia-Projekte leben vom Einsatz der Ehrenamtlichen. Sie investieren ihre Zeit, um Wikipedia-Artikel zu verfassen und zu pflegen, Bilder unter freier Lizenz auf Wikimedia Commons hochzuladen oder die freie Wissensdatenbank Wikidata zu bereichern. Gemeinsam tragen sie dazu bei, dass uns allen immer mehr Wissen zur Verf\u00fcgung steht. Gerade weil die Freiwilligen unentgeltlich arbeiten, ist es eines der zentralen Anliegen von Wikimedia Deutschland, sie bestm\u00f6glich zu unterst\u00fctzen: mit F\u00f6rderangeboten f\u00fcr die bereits bestehenden Communitys und mit Aktivit\u00e4ten, durch die neue Ehrenamtliche f\u00fcr die Wikipedia gewonnen werden.<\/p>\n            <\/div>\n\n        <div class=\"@xl:basis-1\/3 @3xl:basis-1\/3 order-1\">\n        <div class=\"aspect-w-1 aspect-h-1 bg-23-tertiary hover:bg-tertiary-200 border-4 border-black\">\n            <img loading=\"lazy\" decoding=\"async\" width=\"1080\" height=\"824\" src=\"https:\/\/www.wikimedia.de\/2023\/wp-content\/uploads\/sites\/38\/2024\/05\/Frewillige.svg\" class=\"object-contain w-full h-full p-2 wp-post-image\" alt=\"Drei Personen mit unterschiedlichen Accessoires, darunter Fernglas, Laptop mit Gl\u00fchbirne und Rucksack, stehen hinter einem gelben F\u00e4cher mit farbigen Segmenten.\" \/>        <\/div>\n    <\/div>\n    <\/a>\n<\/div><\/div><\/div>\n\n\n\n<div class='outer-container'><div class='col-span-12'><div class=\"@container\">\n<a href=\"https:\/\/www.wikimedia.de\/2023\/themen\/zugang-zu-wissen-ist-politisch\/\"\n    class=\"acf-teaser my-10 block p-4 transition @xl:flex gap-5 items-center hover:bg-gray\">\n    <div class=\"@xl:basis-2\/3 @3xl:basis-2\/3\n        \">\n                <h3 class=\"h6\">Rahmenbedingungen<\/h3>\n                <h2 class=\"text-2xl @3xl:text-4xl\">Zugang zu Wissen ist politisch<\/h2>\n                    <p class=\"mt-6 lg:mt-10 hidden @3xl:block \">Wie viel Wissen f\u00fcr uns alle frei zug\u00e4nglich ist und wie unkompliziert wir es teilen k\u00f6nnen, h\u00e4ngt auch von politischen, rechtlichen und institutionellen Rahmenbedingungen ab. Wikimedia Deutschland macht sich daher vor allem daf\u00fcr stark, dass diese Rahmenbedingungen so ausgestaltet sind, dass mehr Wissen und Daten frei zug\u00e4nglich werden und somit uns allen nutzen. Wir arbeiten mit Kultureinrichtungen, Bildungsinstitutionen und tragen unsere Argumente f\u00fcr Freies Wissen in die Politik und Ministerien. 2023 gab es im digital- und bildungspolitischen Kontext wichtige Schritte in die richtige Richtung \u2013 allerdings nicht nur.<\/p>\n            <\/div>\n\n        <div class=\"@xl:basis-1\/3 @3xl:basis-1\/3 \">\n        <div class=\"aspect-w-1 aspect-h-1 bg-23-primary hover:bg-primary-200 border-4 border-black\">\n            <img loading=\"lazy\" decoding=\"async\" width=\"1057\" height=\"919\" src=\"https:\/\/www.wikimedia.de\/2023\/wp-content\/uploads\/sites\/38\/2024\/05\/Jahresbericht-2023-Rahmenbedingungen.svg\" class=\"object-contain w-full h-full p-2 wp-post-image\" alt=\"Grafik einer in die H\u00f6he gereckte, geballte Faust mit geometrischen Formen\" \/>        <\/div>\n    <\/div>\n    <\/a>\n<\/div><\/div><\/div>\n\n\n\n<div class='outer-container'><div class='col-span-12'><div class=\"@container\">\n<a href=\"https:\/\/www.wikimedia.de\/2023\/themen\/wikimedia-software-fuer-mehr-gemeinwohl-im-netz\/\"\n    class=\"acf-teaser my-10 block p-4 transition @xl:flex gap-5 items-center hover:bg-gray\">\n    <div class=\"@xl:basis-2\/3 @3xl:basis-2\/3\n    order-2    \">\n                <h3 class=\"h6\">Software<\/h3>\n                <h2 class=\"text-2xl @3xl:text-4xl\">Wikimedia-Software: F\u00fcr mehr Gemeinwohl im Netz<\/h2>\n                    <p class=\"mt-6 lg:mt-10 hidden @3xl:block \">Damit Menschen weltweit freien Zugang zu Wissen haben, braucht es auch eine gut funktionierende Infrastruktur. Daher konzentriert sich Wikimedia Deutschland seit Jahren auf die Entwicklung und Verbesserung von Open-Source-Software, allen voran der freien Wissensdatenbank Wikidata und der dahinterliegenden Software Wikibase. Das Jahr 2023 stand dabei im Zeichen von technischen Neuerungen, internationalen Kooperationen, KI und einem runden Geburtstag. <\/p>\n            <\/div>\n\n        <div class=\"@xl:basis-1\/3 @3xl:basis-1\/3 order-1\">\n        <div class=\"aspect-w-1 aspect-h-1 bg-23-tertiary hover:bg-tertiary-200 border-4 border-black\">\n            <img loading=\"lazy\" decoding=\"async\" width=\"1850\" height=\"1206\" src=\"https:\/\/www.wikimedia.de\/2023\/wp-content\/uploads\/sites\/38\/2024\/05\/Jahresbericht-2023-software.svg\" class=\"object-contain w-full h-full p-2 wp-post-image\" alt=\"Grafik mit f\u00fcnf Personen. Vor ihnen ist ein lila Punkt auf den eine Hand zeigt.\" \/>        <\/div>\n    <\/div>\n    <\/a>\n<\/div><\/div><\/div>\n\n\n\n<div class='outer-container'><div class='default'><div class=\"bb-spacer-block h-20 lg:h-40 \">\n\t\n<\/div>\n\n<\/div><\/div>\n\n\n\n<div class='outer-container'><div class='col-span-12'><div id=\"masonry-grid-block_10f3315ec137856381a2b58bac381d97\" class=\"block-masonry-grid\">\n        <\/div><\/div><\/div>\n\n\n\n<div class='outer-container'><div class='default'>\n\n<div data-anchor-title=\"\" class=\"bb-headline-block relative\">\n\t<div class=\"anchor-offset absolute -top-32\" id=\"\"><\/div>\n\t\t\t<h2 class=\"default \">\n\t\t\t<span class=\"\">\n\t\t\t\tEvents, Podien, Diskussionsrunden 2023\t\t\t<\/span>\n\t\t<\/h2>\n\t<\/div>\n<\/div><\/div>\n\n\n\n<div class='outer-container'><div class='default'><div class=\"bb-paragraph-block font-inherit  text-xl lg:text-2xl\">\n\t<p>Im Einsatz f\u00fcr Freies Wissen war Wikimedia Deutschland auch 2023 auf zahlreichen Konferenzen, Events und Podiumsveranstaltungen unterwegs. Einen \u00dcberblick bietet unsere <a href=\"https:\/\/www.wikimedia.de\/2023\/fotogalerie\/\">Fotogalerie<\/a>.<\/p>\n<\/div>\n<\/div><\/div>\n\n\n\n<div class='outer-container'><div class='default'><div class=\"bb-spacer-block h-5 lg:h-10 \">\n\t\n<\/div>\n\n<\/div><\/div>\n\n\n\n<div class='outer-container'><div class='col-span-12'><div id=\"masonry-grid-block_6b90aaca305b38a910b983192c7542c5\" class=\"block-masonry-grid\">\n    <ul class=\"grid sm:grid-cols-2 lg:grid-cols-3 gap-10 items-start\" x-data x-masonry>\n        \n        <div class=\"border-4 border-black\">\n            <div class=\"relative group\">\n        <img loading=\"lazy\" decoding=\"async\" width=\"800\" height=\"533\" src=\"https:\/\/www.wikimedia.de\/2023\/wp-content\/uploads\/sites\/38\/2024\/05\/Rp23wiki-403-1-1.jpg\" class=\"\" alt=\"Wikimedia-Vorstand Christian Humborg und spricht mit Bundesfamilienministerin Lisa Paus und Katarina Perani\u0107, Vorst\u00e4ndin der Deutschen Stiftung f\u00fcr Engagement und Ehrenamt.\" srcset=\"https:\/\/www.wikimedia.de\/2023\/wp-content\/uploads\/sites\/38\/2024\/05\/Rp23wiki-403-1-1.jpg 800w, https:\/\/www.wikimedia.de\/2023\/wp-content\/uploads\/sites\/38\/2024\/05\/Rp23wiki-403-1-1-300x200.jpg 300w, https:\/\/www.wikimedia.de\/2023\/wp-content\/uploads\/sites\/38\/2024\/05\/Rp23wiki-403-1-1-768x512.jpg 768w\" sizes=\"auto, (max-width: 800px) 100vw, 800px\" \/>                <\/div>\n                   <div class=\"bg-23-secondary p-2\">Im Juni 2023 fand in Berlin die re:publica statt. Auch Wikimedia Deutschland war vor Ort. Dabei trafen wir unter anderem auf Bundesverkehrsminister Volker Wissing und Bundesfamilienministerin Lisa Paus (hier rechts im Bild). <\/div>\n            <\/div>\n            \n        <div class=\"border-4 border-black\">\n            <div class=\"relative group\">\n        <img loading=\"lazy\" decoding=\"async\" width=\"800\" height=\"533\" src=\"https:\/\/www.wikimedia.de\/2023\/wp-content\/uploads\/sites\/38\/2024\/05\/Wiki_132_of_133-1.jpg\" class=\"\" alt=\"Gruppenbild von den Teilnehmenden der Wikimedia Europe-Generalversammlung in Prag.\" srcset=\"https:\/\/www.wikimedia.de\/2023\/wp-content\/uploads\/sites\/38\/2024\/05\/Wiki_132_of_133-1.jpg 800w, https:\/\/www.wikimedia.de\/2023\/wp-content\/uploads\/sites\/38\/2024\/05\/Wiki_132_of_133-1-300x200.jpg 300w, https:\/\/www.wikimedia.de\/2023\/wp-content\/uploads\/sites\/38\/2024\/05\/Wiki_132_of_133-1-768x512.jpg 768w\" sizes=\"auto, (max-width: 800px) 100vw, 800px\" \/>                  <div class=\" group-hover:opacity-100 transition duration-300 opacity-0 absolute bottom-0 left-0 w-full bg-black p-2 text-white\"><a href=\"https:\/\/commons.wikimedia.org\/wiki\/User:Petrfotimespolu\" target=\"_blank\" rel=\"noopener\">Petr Freitag<\/a>, <a href=\"https:\/\/commons.wikimedia.org\/wiki\/File:Wiki_(132_of_133).jpg#\" target=\"_blank\" rel=\"noopener\">Wiki (132 of 133)<\/a>, <a href=\"https:\/\/creativecommons.org\/licenses\/by-sa\/4.0\/legalcode\" rel=\"license noopener\" target=\"_blank\">CC BY-SA 4.0<\/a><\/div>\n                <\/div>\n                   <div class=\"bg-23-secondary p-2\">Zur Generalversammlung von Wikimedia Europe reiste im Juni auch eine Gruppe von Wikimedia Deutschland nach Prag. Gemeinsam mit Wikimedia-Vertreter*innen aus ganz Europa wurden die n\u00e4chsten Ziele f\u00fcr Wikimedia Europe gesteckt. <\/div>\n            <\/div>\n            \n        <div class=\"border-4 border-black\">\n            <div class=\"relative group\">\n        <img loading=\"lazy\" decoding=\"async\" width=\"800\" height=\"533\" src=\"https:\/\/www.wikimedia.de\/2023\/wp-content\/uploads\/sites\/38\/2024\/05\/Wiki_Loves_Broadcast_bei_der_tagesschau_ARD-1.jpg\" class=\"\" alt=\"Bild von Ehrenamtlichen des Projektes &quot;Wiki Loves Broadcast&quot; und Wikimedia Deutschland vor dem Sendestudio der ARD.\" srcset=\"https:\/\/www.wikimedia.de\/2023\/wp-content\/uploads\/sites\/38\/2024\/05\/Wiki_Loves_Broadcast_bei_der_tagesschau_ARD-1.jpg 800w, https:\/\/www.wikimedia.de\/2023\/wp-content\/uploads\/sites\/38\/2024\/05\/Wiki_Loves_Broadcast_bei_der_tagesschau_ARD-1-300x200.jpg 300w, https:\/\/www.wikimedia.de\/2023\/wp-content\/uploads\/sites\/38\/2024\/05\/Wiki_Loves_Broadcast_bei_der_tagesschau_ARD-1-768x512.jpg 768w\" sizes=\"auto, (max-width: 800px) 100vw, 800px\" \/>                <\/div>\n                   <div class=\"bg-23-secondary p-2\">Wie kann der \u00f6ffentlich-rechtliche Rundfunk mehr Inhalte unter freie Lizenz stellen? Darum ging es im Januar bei einem Treffen des Projektes \u201eWiki Loves Broadcast\u201c mit der Redaktion der tagesschau. <\/div>\n            <\/div>\n          <\/ul>\n  <\/div><\/div><\/div>\n\n\n\n<div class='outer-container'><div class='default'><div class=\"bb-spacer-block h-5 lg:h-10 \">\n\t\n<\/div>\n\n<\/div><\/div>","protected":false},"excerpt":{"rendered":"","protected":false},"author":1,"featured_media":356,"parent":0,"menu_order":0,"comment_status":"closed","ping_status":"closed","template":"","meta":{"_acf_changed":false,"footnotes":""},"categories":[],"class_list":["post-40","page","type-page","status-publish","has-post-thumbnail","hentry"],"acf":[],"lang":"de","translations":{"de":40,"en":945},"pll_sync_post":[],"_links":{"self":[{"href":"https:\/\/www.wikimedia.de\/2023\/wp-json\/wp\/v2\/pages\/40","targetHints":{"allow":["GET"]}}],"collection":[{"href":"https:\/\/www.wikimedia.de\/2023\/wp-json\/wp\/v2\/pages"}],"about":[{"href":"https:\/\/www.wikimedia.de\/2023\/wp-json\/wp\/v2\/types\/page"}],"author":[{"embeddable":true,"href":"https:\/\/www.wikimedia.de\/2023\/wp-json\/wp\/v2\/users\/1"}],"replies":[{"embeddable":true,"href":"https:\/\/www.wikimedia.de\/2023\/wp-json\/wp\/v2\/comments?post=40"}],"version-history":[{"count":4,"href":"https:\/\/www.wikimedia.de\/2023\/wp-json\/wp\/v2\/pages\/40\/revisions"}],"predecessor-version":[{"id":1238,"href":"https:\/\/www.wikimedia.de\/2023\/wp-json\/wp\/v2\/pages\/40\/revisions\/1238"}],"wp:featuredmedia":[{"embeddable":true,"href":"https:\/\/www.wikimedia.de\/2023\/wp-json\/wp\/v2\/media\/356"}],"wp:attachment":[{"href":"https:\/\/www.wikimedia.de\/2023\/wp-json\/wp\/v2\/media?parent=40"}],"wp:term":[{"taxonomy":"category","embeddable":true,"href":"https:\/\/www.wikimedia.de\/2023\/wp-json\/wp\/v2\/categories?post=40"}],"curies":[{"name":"wp","href":"https:\/\/api.w.org\/{rel}","templated":true}]}}