{"id":46745,"date":"2021-02-15T14:22:10","date_gmt":"2021-02-15T13:22:10","guid":{"rendered":"https:\/\/stage.wikimedia.de\/?post_type=action_week_events&#038;p=46745"},"modified":"2021-03-25T10:08:15","modified_gmt":"2021-03-25T09:08:15","slug":"wikimedia-salon","status":"publish","type":"action_week_events","link":"https:\/\/www.wikimedia.de\/wikipedia20\/aktionswoche\/wikimedia-salon\/","title":{"rendered":"Wikimedia-Salon \u201eZwanzig Jahre Wikipedia. Wohin steuert das 8. Weltwunder\u201c?"},"content":{"rendered":"\n<p class=\"has-text-align-left is-style-sans-serif\" style=\"font-size:25px\">Wikipedia \u2013 die gr\u00f6\u00dfte Enzyklop\u00e4die der Welt \u2013 wird 20 Jahre alt. Wir diskutieren live mit der SPD-Vorsitzenden<b> <\/b><strong style=\"font-weight: bold;\">Saskia Esken<\/strong>, dem Autor<strong> Sascha Lobo <\/strong>und den Wikipedia-Aktiven&nbsp;<strong>Gereon Kalkuhl, <strong>Elke Wetzig<\/strong> und Achim Raschka<\/strong>, welche Bedeutung Wikipedia f\u00fcr die Wissensgesellschaft hat und wie das \u201egute Internet\u201c weiter gedeihen kann. <br><br>Pers\u00f6nliche Gru\u00dfbotschaften kommen von <strong>Bundespr\u00e4sident Frank-Walter Steinmeier<\/strong>, <strong>Dorothee B\u00e4r<\/strong>, Staatsministerin f\u00fcr Digitalisierung, und <strong>Konstantin von Notz<\/strong>, stellvertretender Fraktionsvorsitzender der Gr\u00fcnen.<\/p>\n\n\n<div class=\"acf-block-youtube-livestream acf-block-fullwidth padding-top-3 padding-bottom-3\">\n  <div class=\"grid-container\">\n    <div class=\"grid-x grid-margin-x align-center\">\n      <div class=\"cell medium-12\">\n                  <h2 class=\"margin-bottom-1\">Der Wikimedia-Salon zum 20. Geburtstag von Wikipedia<\/h2>\n                <div class=\"responsive-embed widescreen\">\n                  <\/div>\n      <\/div>\n    <\/div>\n  <\/div>\n<\/div>\n\n\n\n<h3 class=\"wp-block-heading\">Beim Wikimedia-Salon diskutieren wir \u00fcber diese Fragen:<\/h3>\n\n\n\n<p style=\"font-size:19px\">Wikipedia hat sich in 20 Jahren von einem skeptisch be\u00e4ugten Freiwilligenprojekt zum reichweitenst\u00e4rksten Massenmedium und der vertrauensw\u00fcrdigsten Wissensbasis der Welt entwickelt.<strong> <\/strong>Heute steht Wikipedia, gerade vor dem Hintergrund der Pandemie, mehr denn je f\u00fcr faktenbasiertes Wissen, Vertrauen in Information und gemeinwohlorientierte Projekte im Netz.<\/p>\n\n\n\n<p style=\"font-size:19px\">Doch Herausforderungen wie der R\u00fcckgang ehrenamtlichen Engagements, mangelnde Diversit\u00e4t und falsch justierte Internet-Regulierung k\u00f6nnten das Erfolgsprojekt k\u00fcnftig bedrohen. Wie geht es weiter mit Wikipedia \u2013 und was bedeutet Wikipedia f\u00fcr die Wissensgesellschaft und das Internet-\u00d6kosystem von heute und morgen?<\/p>\n\n\n\n<div style=\"height:40px\" aria-hidden=\"true\" class=\"wp-block-spacer\"><\/div>\n\n\n\n<div style=\"height:20px\" aria-hidden=\"true\" class=\"wp-block-spacer\"><\/div>\n\n\n\n<h3 class=\"wp-block-heading\">Unsere G\u00e4ste:<\/h3>\n\n\n\n<figure class=\"wp-block-gallery columns-3 is-cropped wp-block-gallery-1 is-layout-flex wp-block-gallery-is-layout-flex\"><ul class=\"blocks-gallery-grid\"><li class=\"blocks-gallery-item\"><figure><img loading=\"lazy\" decoding=\"async\" width=\"500\" height=\"500\" src=\"https:\/\/www.wikimedia.de\/wikipedia20-site\/wp-content\/uploads\/sites\/14\/2021\/02\/Baer_Dorothee_2017_by_Christian_Weber.jpg\" alt=\"\" data-id=\"46811\" data-full-url=\"https:\/\/www.wikimedia.de\/wikipedia20-site\/wp-content\/uploads\/sites\/14\/2021\/02\/Baer_Dorothee_2017_by_Christian_Weber.jpg\" data-link=\"https:\/\/www.wikimedia.de\/wikipedia20-site\/projects\/das-abc-des-freien-wissens\/baer_dorothee_2017_by_christian_weber-2\/\" class=\"wp-image-46811\" srcset=\"https:\/\/www.wikimedia.de\/wikipedia20\/wp-content\/uploads\/sites\/14\/2021\/02\/Baer_Dorothee_2017_by_Christian_Weber.jpg 500w, https:\/\/www.wikimedia.de\/wikipedia20\/wp-content\/uploads\/sites\/14\/2021\/02\/Baer_Dorothee_2017_by_Christian_Weber-150x150.jpg 150w\" sizes=\"auto, (max-width: 500px) 100vw, 500px\" \/><figcaption class=\"blocks-gallery-item__caption\">Dorothee B\u00e4r<\/figcaption><\/figure><\/li><li class=\"blocks-gallery-item\"><figure><img loading=\"lazy\" decoding=\"async\" width=\"981\" height=\"1270\" src=\"https:\/\/www.wikimedia.de\/wikipedia20-site\/wp-content\/uploads\/sites\/14\/2021\/02\/2019-09-10_SPD_Regionalkonferenz_Team_Esken_Walter-Borjans_by_OlafKosinsky_MG_0453_cropped-1.jpg\" alt=\"\" data-id=\"46810\" data-full-url=\"https:\/\/www.wikimedia.de\/wikipedia20-site\/wp-content\/uploads\/sites\/14\/2021\/02\/2019-09-10_SPD_Regionalkonferenz_Team_Esken_Walter-Borjans_by_OlafKosinsky_MG_0453_cropped-1.jpg\" data-link=\"https:\/\/www.wikimedia.de\/wikipedia20-site\/projects\/das-abc-des-freien-wissens\/2019-09-10_spd_regionalkonferenz_team_esken_walter-borjans_by_olafkosinsky_mg_0453_cropped-1\/\" class=\"wp-image-46810\" srcset=\"https:\/\/www.wikimedia.de\/wikipedia20\/wp-content\/uploads\/sites\/14\/2021\/02\/2019-09-10_SPD_Regionalkonferenz_Team_Esken_Walter-Borjans_by_OlafKosinsky_MG_0453_cropped-1.jpg 981w, https:\/\/www.wikimedia.de\/wikipedia20\/wp-content\/uploads\/sites\/14\/2021\/02\/2019-09-10_SPD_Regionalkonferenz_Team_Esken_Walter-Borjans_by_OlafKosinsky_MG_0453_cropped-1-720x932.jpg 720w\" sizes=\"auto, (max-width: 981px) 100vw, 981px\" \/><figcaption class=\"blocks-gallery-item__caption\">Saskia Esken<\/figcaption><\/figure><\/li><li class=\"blocks-gallery-item\"><figure><img loading=\"lazy\" decoding=\"async\" width=\"1440\" height=\"1973\" src=\"https:\/\/www.wikimedia.de\/wikipedia20-site\/wp-content\/uploads\/sites\/14\/2021\/02\/selfie_saschalobo-1-1440x1973.jpg\" alt=\"\" data-id=\"46809\" data-full-url=\"https:\/\/www.wikimedia.de\/wikipedia20-site\/wp-content\/uploads\/sites\/14\/2021\/02\/selfie_saschalobo-1.jpg\" data-link=\"https:\/\/www.wikimedia.de\/wikipedia20-site\/projects\/das-abc-des-freien-wissens\/selfie_saschalobo-1\/\" class=\"wp-image-46809\" srcset=\"https:\/\/www.wikimedia.de\/wikipedia20\/wp-content\/uploads\/sites\/14\/2021\/02\/selfie_saschalobo-1-1440x1973.jpg 1440w, https:\/\/www.wikimedia.de\/wikipedia20\/wp-content\/uploads\/sites\/14\/2021\/02\/selfie_saschalobo-1-720x987.jpg 720w, https:\/\/www.wikimedia.de\/wikipedia20\/wp-content\/uploads\/sites\/14\/2021\/02\/selfie_saschalobo-1-1121x1536.jpg 1121w, https:\/\/www.wikimedia.de\/wikipedia20\/wp-content\/uploads\/sites\/14\/2021\/02\/selfie_saschalobo-1-1494x2048.jpg 1494w, https:\/\/www.wikimedia.de\/wikipedia20\/wp-content\/uploads\/sites\/14\/2021\/02\/selfie_saschalobo-1.jpg 1979w\" sizes=\"auto, (max-width: 1440px) 100vw, 1440px\" \/><figcaption class=\"blocks-gallery-item__caption\">Sascha Lobo<\/figcaption><\/figure><\/li><\/ul><\/figure>\n\n\n\n<div style=\"height:20px\" aria-hidden=\"true\" class=\"wp-block-spacer\"><\/div>\n\n\n\n<p style=\"font-size:19px\"><strong>Saskia Esken MdB<\/strong>, Bundesvorsitzende der SPD<\/p>\n\n\n\n<p style=\"font-size:19px\"><strong>Sascha Lobo<\/strong>, Autor, Journalist, Speaker<\/p>\n\n\n\n<p style=\"font-size:19px\">Die Wikipedia-Aktiven&nbsp;<strong>Gereon Kalkuhl, Elke Wetzig und Achim Raschka<\/strong><\/p>\n\n\n\n<p style=\"font-size:19px\">Pers\u00f6nliche Gru\u00dfbotschaften kommen von <strong>Bundespr\u00e4sident Frank-Walter Steinmeier<\/strong>, <strong>Dorothee B\u00e4r<\/strong>, Staatsministerin f\u00fcr Digitalisierung und&nbsp;<strong>Konstantin von Notz<\/strong>, stellv. Fraktionsvorsitzender B\u00fcndnis 90\/Die Gr\u00fcnen<\/p>\n\n\n\n<p style=\"font-size:19px\"><strong>Moderation<\/strong>: Valerie Mocker, Unternehmerin, Kolumnistin und Pr\u00e4sidiumsmitglied von Wikimedia Deutschland e. V.<\/p>\n\n\n\n<div style=\"height:30px\" aria-hidden=\"true\" class=\"wp-block-spacer\"><\/div>\n\n\n\n<h3 class=\"wp-block-heading\"><strong>\u00dcber den Wikimedia-Salon<\/strong><\/h3>\n\n\n\n<p>Seit 2014 l\u00e4dt Wikimedia Deutschland regelm\u00e4\u00dfig Fachleute aus Politik, Kultur und Wissenschaft zum Salongespr\u00e4ch ein. Unter dem Motto <a href=\"https:\/\/www.wikimedia.de\/wikipedia20-site\/projects\/das-abc-des-freien-wissens\/\">\u201eDas ABC des Freien Wissens<\/a>\u201c buchstabieren wir verschiedene gesellschaftspolitische Themen durch, die mit der Verbreitung Freien Wissens verbunden sind \u2013 von der Entwicklung des Buchmarktes \u00fcber Open Access in der Wissenschaft bis zur digitalpolitischen Agenda der Bundesregierung. Mit der Ausgabe \u201eZ = Zwanzig Jahre Wikipedia\u201c findet das ABC des Freien Wissens einen vorl\u00e4ufigen Abschluss. Ein Nachfolgeformat f\u00fcr den Wikimedia-Salon ist bereits in Arbeit.<\/p>\n","protected":false},"excerpt":{"rendered":"<p>Wikipedia ist heute eines der reichweitenst\u00e4rksten Medien und die vertrauensw\u00fcrdigste Wissensbasis der Welt. Doch stagnierendes Engagement, mangelnde Diversit\u00e4t und falsch justierte Internet-Regulierung stellen das Projekt vor Herausforderungen. Wie geht es weiter? Ein Talk mit Netzjournalist Sascha Lobo, Dorothee B\u00e4r (CDU) und Saskia Esken (SPD).<\/p>\n","protected":false},"featured_media":46924,"template":"","action_week_types":[17496249,17496257,17496263],"action_week_format":[17496256],"class_list":["post-46745","action_week_events","type-action_week_events","status-publish","has-post-thumbnail","hentry","action_week_types-community","action_week_types-live","action_week_types-netzpolitik","action_week_format-video"],"acf":[],"_links":{"self":[{"href":"https:\/\/www.wikimedia.de\/wikipedia20\/wp-json\/wp\/v2\/action_week_events\/46745","targetHints":{"allow":["GET"]}}],"collection":[{"href":"https:\/\/www.wikimedia.de\/wikipedia20\/wp-json\/wp\/v2\/action_week_events"}],"about":[{"href":"https:\/\/www.wikimedia.de\/wikipedia20\/wp-json\/wp\/v2\/types\/action_week_events"}],"wp:featuredmedia":[{"embeddable":true,"href":"https:\/\/www.wikimedia.de\/wikipedia20\/wp-json\/wp\/v2\/media\/46924"}],"wp:attachment":[{"href":"https:\/\/www.wikimedia.de\/wikipedia20\/wp-json\/wp\/v2\/media?parent=46745"}],"wp:term":[{"taxonomy":"action_week_types","embeddable":true,"href":"https:\/\/www.wikimedia.de\/wikipedia20\/wp-json\/wp\/v2\/action_week_types?post=46745"},{"taxonomy":"action_week_format","embeddable":true,"href":"https:\/\/www.wikimedia.de\/wikipedia20\/wp-json\/wp\/v2\/action_week_format?post=46745"}],"curies":[{"name":"wp","href":"https:\/\/api.w.org\/{rel}","templated":true}]}}