{"id":114,"date":"2024-04-09T14:38:55","date_gmt":"2024-04-09T12:38:55","guid":{"rendered":"https:\/\/www.wikimedia.de\/zukunftskongress\/?page_id=114"},"modified":"2024-06-06T12:20:18","modified_gmt":"2024-06-06T10:20:18","slug":"programm-freitag-07-juni-2024","status":"publish","type":"page","link":"https:\/\/www.wikimedia.de\/zukunftskongress\/programm\/programm-freitag-07-juni-2024\/","title":{"rendered":"Freitag \u2013 Ankommen &amp; Reinkommen"},"content":{"rendered":"<div class='grid grid-cols-12 container'><div class='col-span-12 lg:col-span-8 lg:col-start-3'>\n\n<div data-anchor-title=\"\" class=\"bb-headline-block\">\n\t<div class=\"anchor-offset\" id=\"\"><\/div>\n\t\t\t<h4 class=\"default \">\n\t\t\t<span class=\"\">\n\t\t\t\t18:30 Uhr |  Er\u00f6ffnung des Kongresses\t\t\t<\/span>\n\t\t<\/h4>\n\t<\/div>\n<\/div><\/div>\n\n<div class='grid grid-cols-12 container'><div class='col-span-12 lg:col-span-8 lg:col-start-3'><div class=\"bb-spacer-block h-2 lg:h-4 \">\n\t\n<\/div>\n\n<\/div><\/div>\n\n<div class='grid grid-cols-12 container'><div class='col-span-12 lg:col-span-8 lg:col-start-3'><div class=\"bb-paragraph-block font-inherit  text-base lg:text-xl\">\n\t<p>Den Kongress er\u00f6ffnen herzlichst Franziska Heine (Gesch\u00e4ftsf\u00fchrende Vorst\u00e4ndin von Wikimedia Deutschland), Claudia Gar\u00e1d (Gesch\u00e4ftsf\u00fchrerin von Wikimedia \u00d6sterreich) und Christian Humborg (Gesch\u00e4ftsf\u00fchrender Vorstand von Wikimedia Deutschland).<\/p>\n<\/div>\n<\/div><\/div>\n\n<div class='grid grid-cols-12 container'><div class='col-span-12 lg:col-span-8 lg:col-start-3'>\n<div class=\"wp-block-columns is-layout-flex wp-container-core-columns-is-layout-9d6595d7 wp-block-columns-is-layout-flex\">\n<div class=\"wp-block-column has-aquamarine-300-background-color has-background is-layout-flow wp-block-column-is-layout-flow\">\n<div class=\"bb-image-block my-4\">\n            <figure class=\"portrait flex flex-col justify-center relative overflow-hidden bg-gray \" role=\"group\">\n        <img loading=\"lazy\" decoding=\"async\" width=\"850\" height=\"850\" src=\"https:\/\/www.wikimedia.de\/zukunftskongress\/wp-content\/uploads\/2024\/05\/Design-ohne-Titel-6.png\" class=\"h-full w-auto\" alt=\"Franziska Heine | Matthias Wehofsky | CC BY-SA 4.0\" sizes=\"auto,  \" srcset=\"https:\/\/www.wikimedia.de\/zukunftskongress\/wp-content\/uploads\/2024\/05\/Design-ohne-Titel-6.png 850w, https:\/\/www.wikimedia.de\/zukunftskongress\/wp-content\/uploads\/2024\/05\/Design-ohne-Titel-6-300x300.png 300w, https:\/\/www.wikimedia.de\/zukunftskongress\/wp-content\/uploads\/2024\/05\/Design-ohne-Titel-6-150x150.png 150w, https:\/\/www.wikimedia.de\/zukunftskongress\/wp-content\/uploads\/2024\/05\/Design-ohne-Titel-6-768x768.png 768w\" \/>                <figcaption class=\"invisible flex absolute left-0 bottom-0 right-0 text-white bg-gray-900 w-auto h-auto z-20 p-2 text-sm flex items-start gap-4 break-all \">\n            <span class='bb-icon flex-shrink-0'><?xml version=\"1.0\" encoding=\"utf-8\"?>\n<svg width=\"16\" height=\"16\" fill=\"none\" viewBox=\"0 0 16 16\" xmlns=\"http:\/\/www.w3.org\/2000\/svg\" role=\"presentation\" aria-hidden=\"true\">\n  <path fill-rule=\"evenodd\" clip-rule=\"evenodd\" d=\"M16 8C16 10.1217 15.1571 12.1566 13.6569 13.6569C12.1566 15.1571 10.1217 16 8 16C5.87827 16 3.84344 15.1571 2.34315 13.6569C0.842855 12.1566 0 10.1217 0 8C0 5.87827 0.842855 3.84344 2.34315 2.34315C3.84344 0.842855 5.87827 0 8 0C10.1217 0 12.1566 0.842855 13.6569 2.34315C15.1571 3.84344 16 5.87827 16 8ZM9 4C9 4.26522 8.89464 4.51957 8.70711 4.70711C8.51957 4.89464 8.26522 5 8 5C7.73478 5 7.48043 4.89464 7.29289 4.70711C7.10536 4.51957 7 4.26522 7 4C7 3.73478 7.10536 3.48043 7.29289 3.29289C7.48043 3.10536 7.73478 3 8 3C8.26522 3 8.51957 3.10536 8.70711 3.29289C8.89464 3.48043 9 3.73478 9 4ZM7 7C6.73478 7 6.48043 7.10536 6.29289 7.29289C6.10536 7.48043 6 7.73478 6 8C6 8.26522 6.10536 8.51957 6.29289 8.70711C6.48043 8.89464 6.73478 9 7 9V12C7 12.2652 7.10536 12.5196 7.29289 12.7071C7.48043 12.8946 7.73478 13 8 13H9C9.26522 13 9.51957 12.8946 9.70711 12.7071C9.89464 12.5196 10 12.2652 10 12C10 11.7348 9.89464 11.4804 9.70711 11.2929C9.51957 11.1054 9.26522 11 9 11V8C9 7.73478 8.89464 7.48043 8.70711 7.29289C8.51957 7.10536 8.26522 7 8 7H7Z\" fill=\"white\"\/>\n<\/svg><\/span> <div class=\"self-center\">Franziska Heine | Foto von Matthias Wehofsky | CC BY-SA 4.0<\/div>\n        <\/figcaption>\n            <\/figure>\n        <\/div><\/div>\n\n\n\n<div class=\"wp-block-column has-aquamarine-300-background-color has-background is-layout-flow wp-block-column-is-layout-flow\">\n<div class=\"bb-image-block my-4\">\n            <figure class=\"portrait flex flex-col justify-center relative overflow-hidden bg-gray \" role=\"group\">\n        <img loading=\"lazy\" decoding=\"async\" width=\"850\" height=\"850\" src=\"https:\/\/www.wikimedia.de\/zukunftskongress\/wp-content\/uploads\/2024\/05\/Design-ohne-Titel-7.png\" class=\"h-full w-auto\" alt=\"Ekvidi | CC BY-SA 4.0\" sizes=\"auto,  \" srcset=\"https:\/\/www.wikimedia.de\/zukunftskongress\/wp-content\/uploads\/2024\/05\/Design-ohne-Titel-7.png 850w, https:\/\/www.wikimedia.de\/zukunftskongress\/wp-content\/uploads\/2024\/05\/Design-ohne-Titel-7-300x300.png 300w, https:\/\/www.wikimedia.de\/zukunftskongress\/wp-content\/uploads\/2024\/05\/Design-ohne-Titel-7-150x150.png 150w, https:\/\/www.wikimedia.de\/zukunftskongress\/wp-content\/uploads\/2024\/05\/Design-ohne-Titel-7-768x768.png 768w\" \/>                <figcaption class=\"invisible flex absolute left-0 bottom-0 right-0 text-white bg-gray-900 w-auto h-auto z-20 p-2 text-sm flex items-start gap-4 break-all \">\n            <span class='bb-icon flex-shrink-0'><?xml version=\"1.0\" encoding=\"utf-8\"?>\n<svg width=\"16\" height=\"16\" fill=\"none\" viewBox=\"0 0 16 16\" xmlns=\"http:\/\/www.w3.org\/2000\/svg\" role=\"presentation\" aria-hidden=\"true\">\n  <path fill-rule=\"evenodd\" clip-rule=\"evenodd\" d=\"M16 8C16 10.1217 15.1571 12.1566 13.6569 13.6569C12.1566 15.1571 10.1217 16 8 16C5.87827 16 3.84344 15.1571 2.34315 13.6569C0.842855 12.1566 0 10.1217 0 8C0 5.87827 0.842855 3.84344 2.34315 2.34315C3.84344 0.842855 5.87827 0 8 0C10.1217 0 12.1566 0.842855 13.6569 2.34315C15.1571 3.84344 16 5.87827 16 8ZM9 4C9 4.26522 8.89464 4.51957 8.70711 4.70711C8.51957 4.89464 8.26522 5 8 5C7.73478 5 7.48043 4.89464 7.29289 4.70711C7.10536 4.51957 7 4.26522 7 4C7 3.73478 7.10536 3.48043 7.29289 3.29289C7.48043 3.10536 7.73478 3 8 3C8.26522 3 8.51957 3.10536 8.70711 3.29289C8.89464 3.48043 9 3.73478 9 4ZM7 7C6.73478 7 6.48043 7.10536 6.29289 7.29289C6.10536 7.48043 6 7.73478 6 8C6 8.26522 6.10536 8.51957 6.29289 8.70711C6.48043 8.89464 6.73478 9 7 9V12C7 12.2652 7.10536 12.5196 7.29289 12.7071C7.48043 12.8946 7.73478 13 8 13H9C9.26522 13 9.51957 12.8946 9.70711 12.7071C9.89464 12.5196 10 12.2652 10 12C10 11.7348 9.89464 11.4804 9.70711 11.2929C9.51957 11.1054 9.26522 11 9 11V8C9 7.73478 8.89464 7.48043 8.70711 7.29289C8.51957 7.10536 8.26522 7 8 7H7Z\" fill=\"white\"\/>\n<\/svg><\/span> <div class=\"self-center\">Claudia Gar\u00e1d | Foto von Ekvidi | CC BY-SA 4.0<\/div>\n        <\/figcaption>\n            <\/figure>\n        <\/div><\/div>\n\n\n\n<div class=\"wp-block-column has-aquamarine-300-background-color has-background is-layout-flow wp-block-column-is-layout-flow\">\n<div class=\"bb-image-block my-4\">\n            <figure class=\"portrait flex flex-col justify-center relative overflow-hidden bg-gray \" role=\"group\">\n        <img loading=\"lazy\" decoding=\"async\" width=\"850\" height=\"850\" src=\"https:\/\/www.wikimedia.de\/zukunftskongress\/wp-content\/uploads\/2024\/05\/Design-ohne-Titel-8.png\" class=\"h-full w-auto\" alt=\"Matthias Wehofsky | CC BY-SA 4.0\" sizes=\"auto,  \" srcset=\"https:\/\/www.wikimedia.de\/zukunftskongress\/wp-content\/uploads\/2024\/05\/Design-ohne-Titel-8.png 850w, https:\/\/www.wikimedia.de\/zukunftskongress\/wp-content\/uploads\/2024\/05\/Design-ohne-Titel-8-300x300.png 300w, https:\/\/www.wikimedia.de\/zukunftskongress\/wp-content\/uploads\/2024\/05\/Design-ohne-Titel-8-150x150.png 150w, https:\/\/www.wikimedia.de\/zukunftskongress\/wp-content\/uploads\/2024\/05\/Design-ohne-Titel-8-768x768.png 768w\" \/>                <figcaption class=\"invisible flex absolute left-0 bottom-0 right-0 text-white bg-gray-900 w-auto h-auto z-20 p-2 text-sm flex items-start gap-4 break-all \">\n            <span class='bb-icon flex-shrink-0'><?xml version=\"1.0\" encoding=\"utf-8\"?>\n<svg width=\"16\" height=\"16\" fill=\"none\" viewBox=\"0 0 16 16\" xmlns=\"http:\/\/www.w3.org\/2000\/svg\" role=\"presentation\" aria-hidden=\"true\">\n  <path fill-rule=\"evenodd\" clip-rule=\"evenodd\" d=\"M16 8C16 10.1217 15.1571 12.1566 13.6569 13.6569C12.1566 15.1571 10.1217 16 8 16C5.87827 16 3.84344 15.1571 2.34315 13.6569C0.842855 12.1566 0 10.1217 0 8C0 5.87827 0.842855 3.84344 2.34315 2.34315C3.84344 0.842855 5.87827 0 8 0C10.1217 0 12.1566 0.842855 13.6569 2.34315C15.1571 3.84344 16 5.87827 16 8ZM9 4C9 4.26522 8.89464 4.51957 8.70711 4.70711C8.51957 4.89464 8.26522 5 8 5C7.73478 5 7.48043 4.89464 7.29289 4.70711C7.10536 4.51957 7 4.26522 7 4C7 3.73478 7.10536 3.48043 7.29289 3.29289C7.48043 3.10536 7.73478 3 8 3C8.26522 3 8.51957 3.10536 8.70711 3.29289C8.89464 3.48043 9 3.73478 9 4ZM7 7C6.73478 7 6.48043 7.10536 6.29289 7.29289C6.10536 7.48043 6 7.73478 6 8C6 8.26522 6.10536 8.51957 6.29289 8.70711C6.48043 8.89464 6.73478 9 7 9V12C7 12.2652 7.10536 12.5196 7.29289 12.7071C7.48043 12.8946 7.73478 13 8 13H9C9.26522 13 9.51957 12.8946 9.70711 12.7071C9.89464 12.5196 10 12.2652 10 12C10 11.7348 9.89464 11.4804 9.70711 11.2929C9.51957 11.1054 9.26522 11 9 11V8C9 7.73478 8.89464 7.48043 8.70711 7.29289C8.51957 7.10536 8.26522 7 8 7H7Z\" fill=\"white\"\/>\n<\/svg><\/span> <div class=\"self-center\">Christian Humborg | Foto von Matthias Wehofsky | CC BY-SA 4.0 <\/div>\n        <\/figcaption>\n            <\/figure>\n        <\/div><\/div>\n<\/div>\n<\/div><\/div>\n\n<div class='grid grid-cols-12 container'><div class='col-span-12 lg:col-span-8 lg:col-start-3'><div class=\"bb-spacer-block h-2 lg:h-4 \">\n\t\n<\/div>\n\n<\/div><\/div>\n\n<div class='grid grid-cols-12 container'><div class='col-span-12 lg:col-span-8 lg:col-start-3'>\n\n<div data-anchor-title=\"\" class=\"bb-headline-block\">\n\t<div class=\"anchor-offset\" id=\"\"><\/div>\n\t\t\t<h4 class=\"default \">\n\t\t\t<span class=\"\">\n\t\t\t\tModeration\t\t\t<\/span>\n\t\t<\/h4>\n\t<\/div>\n<\/div><\/div>\n\n<div class='grid grid-cols-12 container'><div class='col-span-12 lg:col-span-8 lg:col-start-3'>\n<div class=\"wp-block-columns is-layout-flex wp-container-core-columns-is-layout-9d6595d7 wp-block-columns-is-layout-flex\">\n<div class=\"wp-block-column has-aquamarine-300-background-color has-background is-layout-flow wp-block-column-is-layout-flow\" style=\"flex-basis:33.33%\">\n<div class=\"bb-image-block my-4\">\n            <figure class=\"portrait flex flex-col justify-center relative overflow-hidden bg-gray \" role=\"group\">\n        <img loading=\"lazy\" decoding=\"async\" width=\"850\" height=\"850\" src=\"https:\/\/www.wikimedia.de\/zukunftskongress\/wp-content\/uploads\/2024\/05\/Design-ohne-Titel-9.png\" class=\"h-full w-auto\" alt=\"Jan Apel | CC BY-SA 4.0\" sizes=\"auto,  \" srcset=\"https:\/\/www.wikimedia.de\/zukunftskongress\/wp-content\/uploads\/2024\/05\/Design-ohne-Titel-9.png 850w, https:\/\/www.wikimedia.de\/zukunftskongress\/wp-content\/uploads\/2024\/05\/Design-ohne-Titel-9-300x300.png 300w, https:\/\/www.wikimedia.de\/zukunftskongress\/wp-content\/uploads\/2024\/05\/Design-ohne-Titel-9-150x150.png 150w, https:\/\/www.wikimedia.de\/zukunftskongress\/wp-content\/uploads\/2024\/05\/Design-ohne-Titel-9-768x768.png 768w\" \/>                <figcaption class=\"invisible flex absolute left-0 bottom-0 right-0 text-white bg-gray-900 w-auto h-auto z-20 p-2 text-sm flex items-start gap-4 break-all \">\n            <span class='bb-icon flex-shrink-0'><?xml version=\"1.0\" encoding=\"utf-8\"?>\n<svg width=\"16\" height=\"16\" fill=\"none\" viewBox=\"0 0 16 16\" xmlns=\"http:\/\/www.w3.org\/2000\/svg\" role=\"presentation\" aria-hidden=\"true\">\n  <path fill-rule=\"evenodd\" clip-rule=\"evenodd\" d=\"M16 8C16 10.1217 15.1571 12.1566 13.6569 13.6569C12.1566 15.1571 10.1217 16 8 16C5.87827 16 3.84344 15.1571 2.34315 13.6569C0.842855 12.1566 0 10.1217 0 8C0 5.87827 0.842855 3.84344 2.34315 2.34315C3.84344 0.842855 5.87827 0 8 0C10.1217 0 12.1566 0.842855 13.6569 2.34315C15.1571 3.84344 16 5.87827 16 8ZM9 4C9 4.26522 8.89464 4.51957 8.70711 4.70711C8.51957 4.89464 8.26522 5 8 5C7.73478 5 7.48043 4.89464 7.29289 4.70711C7.10536 4.51957 7 4.26522 7 4C7 3.73478 7.10536 3.48043 7.29289 3.29289C7.48043 3.10536 7.73478 3 8 3C8.26522 3 8.51957 3.10536 8.70711 3.29289C8.89464 3.48043 9 3.73478 9 4ZM7 7C6.73478 7 6.48043 7.10536 6.29289 7.29289C6.10536 7.48043 6 7.73478 6 8C6 8.26522 6.10536 8.51957 6.29289 8.70711C6.48043 8.89464 6.73478 9 7 9V12C7 12.2652 7.10536 12.5196 7.29289 12.7071C7.48043 12.8946 7.73478 13 8 13H9C9.26522 13 9.51957 12.8946 9.70711 12.7071C9.89464 12.5196 10 12.2652 10 12C10 11.7348 9.89464 11.4804 9.70711 11.2929C9.51957 11.1054 9.26522 11 9 11V8C9 7.73478 8.89464 7.48043 8.70711 7.29289C8.51957 7.10536 8.26522 7 8 7H7Z\" fill=\"white\"\/>\n<\/svg><\/span> <div class=\"self-center\">Jens Ohlig| Foto von Jan Apel | CC BY-SA 4.0 <\/div>\n        <\/figcaption>\n            <\/figure>\n        <\/div><\/div>\n\n\n\n<div class=\"wp-block-column is-layout-flow wp-block-column-is-layout-flow\" style=\"flex-basis:66.66%\"><div class=\"bb-spacer-block h-2 lg:h-4 \">\n\t\n<\/div>\n\n\n\n<div class=\"bb-paragraph-block font-inherit  text-base lg:text-xl\">\n\t<p>Jens Ohlig, Mitglied des Pr\u00e4sidiums von Wikimedia Deutschland und ehemaliger Mitarbeiter der Software-Entwicklung, bringt sein umfassendes technisches Wissen mit Leidenschaft in den Zukunftskongress ein.<\/p>\n<\/div>\n<\/div>\n<\/div>\n<\/div><\/div>\n\n<div class='grid grid-cols-12 container'><div class='col-span-12 lg:col-span-8 lg:col-start-3'>\n<div class=\"wp-block-columns is-layout-flex wp-container-core-columns-is-layout-9d6595d7 wp-block-columns-is-layout-flex\">\n<div class=\"wp-block-column has-aquamarine-300-background-color has-background is-layout-flow wp-block-column-is-layout-flow\" style=\"flex-basis:33.33%\">\n<div class=\"bb-image-block my-4\">\n            <figure class=\"portrait flex flex-col justify-center relative overflow-hidden bg-gray \" role=\"group\">\n        <img loading=\"lazy\" decoding=\"async\" width=\"850\" height=\"850\" src=\"https:\/\/www.wikimedia.de\/zukunftskongress\/wp-content\/uploads\/2024\/05\/Design-ohne-Titel-10.png\" class=\"h-full w-auto\" alt=\"\u00a9 Elisabeth Mandl\" sizes=\"auto,  \" srcset=\"https:\/\/www.wikimedia.de\/zukunftskongress\/wp-content\/uploads\/2024\/05\/Design-ohne-Titel-10.png 850w, https:\/\/www.wikimedia.de\/zukunftskongress\/wp-content\/uploads\/2024\/05\/Design-ohne-Titel-10-300x300.png 300w, https:\/\/www.wikimedia.de\/zukunftskongress\/wp-content\/uploads\/2024\/05\/Design-ohne-Titel-10-150x150.png 150w, https:\/\/www.wikimedia.de\/zukunftskongress\/wp-content\/uploads\/2024\/05\/Design-ohne-Titel-10-768x768.png 768w\" \/>                <figcaption class=\"invisible flex absolute left-0 bottom-0 right-0 text-white bg-gray-900 w-auto h-auto z-20 p-2 text-sm flex items-start gap-4 break-all \">\n            <span class='bb-icon flex-shrink-0'><?xml version=\"1.0\" encoding=\"utf-8\"?>\n<svg width=\"16\" height=\"16\" fill=\"none\" viewBox=\"0 0 16 16\" xmlns=\"http:\/\/www.w3.org\/2000\/svg\" role=\"presentation\" aria-hidden=\"true\">\n  <path fill-rule=\"evenodd\" clip-rule=\"evenodd\" d=\"M16 8C16 10.1217 15.1571 12.1566 13.6569 13.6569C12.1566 15.1571 10.1217 16 8 16C5.87827 16 3.84344 15.1571 2.34315 13.6569C0.842855 12.1566 0 10.1217 0 8C0 5.87827 0.842855 3.84344 2.34315 2.34315C3.84344 0.842855 5.87827 0 8 0C10.1217 0 12.1566 0.842855 13.6569 2.34315C15.1571 3.84344 16 5.87827 16 8ZM9 4C9 4.26522 8.89464 4.51957 8.70711 4.70711C8.51957 4.89464 8.26522 5 8 5C7.73478 5 7.48043 4.89464 7.29289 4.70711C7.10536 4.51957 7 4.26522 7 4C7 3.73478 7.10536 3.48043 7.29289 3.29289C7.48043 3.10536 7.73478 3 8 3C8.26522 3 8.51957 3.10536 8.70711 3.29289C8.89464 3.48043 9 3.73478 9 4ZM7 7C6.73478 7 6.48043 7.10536 6.29289 7.29289C6.10536 7.48043 6 7.73478 6 8C6 8.26522 6.10536 8.51957 6.29289 8.70711C6.48043 8.89464 6.73478 9 7 9V12C7 12.2652 7.10536 12.5196 7.29289 12.7071C7.48043 12.8946 7.73478 13 8 13H9C9.26522 13 9.51957 12.8946 9.70711 12.7071C9.89464 12.5196 10 12.2652 10 12C10 11.7348 9.89464 11.4804 9.70711 11.2929C9.51957 11.1054 9.26522 11 9 11V8C9 7.73478 8.89464 7.48043 8.70711 7.29289C8.51957 7.10536 8.26522 7 8 7H7Z\" fill=\"white\"\/>\n<\/svg><\/span> <div class=\"self-center\">Elisabeth Mandl | \u00a9 Elisabeth Mandl<\/div>\n        <\/figcaption>\n            <\/figure>\n        <\/div><\/div>\n\n\n\n<div class=\"wp-block-column is-layout-flow wp-block-column-is-layout-flow\" style=\"flex-basis:66.66%\"><div class=\"bb-spacer-block h-2 lg:h-4 \">\n\t\n<\/div>\n\n\n\n<div class=\"bb-paragraph-block font-inherit  text-base lg:text-xl\">\n\t<p>Elisabeth Mandl, zust\u00e4ndig f\u00fcr die Gewinnung neuer Ehrenamtlicher f\u00fcr die Wikipedia bei Wikimedia Deutschland, bereichert die Veranstaltung mit ihrer Expertise und Erfahrung als Freie Rednerin.<\/p>\n<\/div>\n<\/div>\n<\/div>\n<\/div><\/div>\n\n<div class='grid grid-cols-12 container'><div class='col-span-12 lg:col-span-8 lg:col-start-3'><div class=\"bb-spacer-block h-2 lg:h-4 border-t border-gray-300\">\n\t\n<\/div>\n\n<\/div><\/div>\n\n<div class='grid grid-cols-12 container'><div class='col-span-12 lg:col-span-8 lg:col-start-3'><div class=\"bb-spacer-block h-2 lg:h-4 \">\n\t\n<\/div>\n\n<\/div><\/div>\n\n<div class='grid grid-cols-12 container'><div class='col-span-12 lg:col-span-8 lg:col-start-3'>\n\n<div data-anchor-title=\"\" class=\"bb-headline-block\">\n\t<div class=\"anchor-offset\" id=\"\"><\/div>\n\t\t\t<h4 class=\"default \">\n\t\t\t<span class=\"\">\n\t\t\t\t19:00 Uhr |  Er\u00f6ffnungsvortrag\t\t\t<\/span>\n\t\t<\/h4>\n\t<\/div>\n<\/div><\/div>\n\n<div class='grid grid-cols-12 container'><div class='col-span-12 lg:col-span-8 lg:col-start-3'><div class=\"bb-spacer-block h-2 lg:h-4 \">\n\t\n<\/div>\n\n<\/div><\/div>\n\n<div class='grid grid-cols-12 container'><div class='col-span-12 lg:col-span-8 lg:col-start-3'>\n<div class=\"wp-block-columns is-layout-flex wp-container-core-columns-is-layout-9d6595d7 wp-block-columns-is-layout-flex\">\n<div class=\"wp-block-column has-aquamarine-300-background-color has-background is-layout-constrained wp-block-column-is-layout-constrained\" style=\"flex-basis:33.33%\">\n<div class=\"bb-image-block my-4\">\n            <figure class=\"portrait flex flex-col justify-center relative overflow-hidden bg-gray \" role=\"group\">\n        <img loading=\"lazy\" decoding=\"async\" width=\"850\" height=\"850\" src=\"https:\/\/www.wikimedia.de\/zukunftskongress\/wp-content\/uploads\/2024\/05\/Design-ohne-Titel-16.png\" class=\"h-full w-auto\" alt=\"Richard Socher\" sizes=\"auto,  \" srcset=\"https:\/\/www.wikimedia.de\/zukunftskongress\/wp-content\/uploads\/2024\/05\/Design-ohne-Titel-16.png 850w, https:\/\/www.wikimedia.de\/zukunftskongress\/wp-content\/uploads\/2024\/05\/Design-ohne-Titel-16-300x300.png 300w, https:\/\/www.wikimedia.de\/zukunftskongress\/wp-content\/uploads\/2024\/05\/Design-ohne-Titel-16-150x150.png 150w, https:\/\/www.wikimedia.de\/zukunftskongress\/wp-content\/uploads\/2024\/05\/Design-ohne-Titel-16-768x768.png 768w\" \/>                <figcaption class=\"invisible flex absolute left-0 bottom-0 right-0 text-white bg-gray-900 w-auto h-auto z-20 p-2 text-sm flex items-start gap-4 break-all \">\n            <span class='bb-icon flex-shrink-0'><?xml version=\"1.0\" encoding=\"utf-8\"?>\n<svg width=\"16\" height=\"16\" fill=\"none\" viewBox=\"0 0 16 16\" xmlns=\"http:\/\/www.w3.org\/2000\/svg\" role=\"presentation\" aria-hidden=\"true\">\n  <path fill-rule=\"evenodd\" clip-rule=\"evenodd\" d=\"M16 8C16 10.1217 15.1571 12.1566 13.6569 13.6569C12.1566 15.1571 10.1217 16 8 16C5.87827 16 3.84344 15.1571 2.34315 13.6569C0.842855 12.1566 0 10.1217 0 8C0 5.87827 0.842855 3.84344 2.34315 2.34315C3.84344 0.842855 5.87827 0 8 0C10.1217 0 12.1566 0.842855 13.6569 2.34315C15.1571 3.84344 16 5.87827 16 8ZM9 4C9 4.26522 8.89464 4.51957 8.70711 4.70711C8.51957 4.89464 8.26522 5 8 5C7.73478 5 7.48043 4.89464 7.29289 4.70711C7.10536 4.51957 7 4.26522 7 4C7 3.73478 7.10536 3.48043 7.29289 3.29289C7.48043 3.10536 7.73478 3 8 3C8.26522 3 8.51957 3.10536 8.70711 3.29289C8.89464 3.48043 9 3.73478 9 4ZM7 7C6.73478 7 6.48043 7.10536 6.29289 7.29289C6.10536 7.48043 6 7.73478 6 8C6 8.26522 6.10536 8.51957 6.29289 8.70711C6.48043 8.89464 6.73478 9 7 9V12C7 12.2652 7.10536 12.5196 7.29289 12.7071C7.48043 12.8946 7.73478 13 8 13H9C9.26522 13 9.51957 12.8946 9.70711 12.7071C9.89464 12.5196 10 12.2652 10 12C10 11.7348 9.89464 11.4804 9.70711 11.2929C9.51957 11.1054 9.26522 11 9 11V8C9 7.73478 8.89464 7.48043 8.70711 7.29289C8.51957 7.10536 8.26522 7 8 7H7Z\" fill=\"white\"\/>\n<\/svg><\/span> <div class=\"self-center\">Richard Socher | Foto von \u00a9 Richard Socher<\/div>\n        <\/figcaption>\n            <\/figure>\n        <\/div><\/div>\n\n\n\n<div class=\"wp-block-column is-layout-flow wp-block-column-is-layout-flow\" style=\"flex-basis:66.66%\"><div class=\"bb-spacer-block h-3 lg:h-6 \">\n\t\n<\/div>\n\n\n\n<div class=\"bb-paragraph-block font-inherit  text-base lg:text-xl\">\n\t<p><strong>Speaker:<\/strong> <a href=\"https:\/\/de.wikipedia.org\/wiki\/Richard_Socher\">Richard Socher<\/a> (<span style=\"font-weight: 400;\">Deutscher Informatiker in den Bereichen K\u00fcnstliche Intelligenz,\u00a0Neuronale Netze\u00a0und\u00a0Deep Learning sowie\u00a0CEO und Gr\u00fcnder von you.com, dem ersten Chat-Suchassistenten)<\/span><\/p>\n<\/div>\n<\/div>\n<\/div>\n<\/div><\/div>\n\n<div class='grid grid-cols-12 container'><div class='col-span-12 lg:col-span-8 lg:col-start-3'><div class=\"bb-spacer-block h-2 lg:h-4 border-t border-gray-300\">\n\t\n<\/div>\n\n<\/div><\/div>\n\n<div class='grid grid-cols-12 container'><div class='col-span-12 lg:col-span-8 lg:col-start-3'><div class=\"bb-spacer-block h-2 lg:h-4 \">\n\t\n<\/div>\n\n<\/div><\/div>\n\n<div class='grid grid-cols-12 container'><div class='col-span-12 lg:col-span-8 lg:col-start-3'>\n\n<div data-anchor-title=\"\" class=\"bb-headline-block\">\n\t<div class=\"anchor-offset\" id=\"\"><\/div>\n\t\t\t<h4 class=\"default \">\n\t\t\t<span class=\"\">\n\t\t\t\t19:45 Uhr |  Visionen f\u00fcr die Wikipedia\t\t\t<\/span>\n\t\t<\/h4>\n\t<\/div>\n<\/div><\/div>\n\n<div class='grid grid-cols-12 container'><div class='col-span-12 lg:col-span-8 lg:col-start-3'><div class=\"bb-spacer-block h-2 lg:h-4 \">\n\t\n<\/div>\n\n<\/div><\/div>\n\n<div class='grid grid-cols-12 container'><div class='col-span-12 lg:col-span-8 lg:col-start-3'><div class=\"bb-spacer-block h-2 lg:h-4 \">\n\t\n<\/div>\n\n<\/div><\/div>","protected":false},"excerpt":{"rendered":"","protected":false},"author":3,"featured_media":0,"parent":67,"menu_order":0,"comment_status":"closed","ping_status":"closed","template":"","meta":{"_acf_changed":false,"footnotes":""},"class_list":["post-114","page","type-page","status-publish","hentry"],"acf":[],"_links":{"self":[{"href":"https:\/\/www.wikimedia.de\/zukunftskongress\/wp-json\/wp\/v2\/pages\/114","targetHints":{"allow":["GET"]}}],"collection":[{"href":"https:\/\/www.wikimedia.de\/zukunftskongress\/wp-json\/wp\/v2\/pages"}],"about":[{"href":"https:\/\/www.wikimedia.de\/zukunftskongress\/wp-json\/wp\/v2\/types\/page"}],"author":[{"embeddable":true,"href":"https:\/\/www.wikimedia.de\/zukunftskongress\/wp-json\/wp\/v2\/users\/3"}],"replies":[{"embeddable":true,"href":"https:\/\/www.wikimedia.de\/zukunftskongress\/wp-json\/wp\/v2\/comments?post=114"}],"version-history":[{"count":51,"href":"https:\/\/www.wikimedia.de\/zukunftskongress\/wp-json\/wp\/v2\/pages\/114\/revisions"}],"predecessor-version":[{"id":887,"href":"https:\/\/www.wikimedia.de\/zukunftskongress\/wp-json\/wp\/v2\/pages\/114\/revisions\/887"}],"up":[{"embeddable":true,"href":"https:\/\/www.wikimedia.de\/zukunftskongress\/wp-json\/wp\/v2\/pages\/67"}],"wp:attachment":[{"href":"https:\/\/www.wikimedia.de\/zukunftskongress\/wp-json\/wp\/v2\/media?parent=114"}],"curies":[{"name":"wp","href":"https:\/\/api.w.org\/{rel}","templated":true}]}}