{"id":118,"date":"2024-04-09T14:39:02","date_gmt":"2024-04-09T12:39:02","guid":{"rendered":"https:\/\/www.wikimedia.de\/zukunftskongress\/?page_id=118"},"modified":"2024-06-05T17:42:33","modified_gmt":"2024-06-05T15:42:33","slug":"samstag-08-juni-2024","status":"publish","type":"page","link":"https:\/\/www.wikimedia.de\/zukunftskongress\/programm\/samstag-08-juni-2024\/","title":{"rendered":"Samstag \u2013 Wir laden uns mit Wissen auf!"},"content":{"rendered":"<div class='grid grid-cols-12 container'><div class='col-span-12 lg:col-span-8 lg:col-start-3'>\n\n<div data-anchor-title=\"\" class=\"bb-headline-block\">\n\t<div class=\"anchor-offset\" id=\"\"><\/div>\n\t\t\t<h2 class=\"default \">\n\t\t\t<span class=\"\">\n\t\t\t\t\t\t\t<\/span>\n\t\t<\/h2>\n\t<\/div>\n<\/div><\/div>\n\n<div class='grid grid-cols-12 container'><div class='col-span-12 lg:col-span-8 lg:col-start-3'>\n\n<div data-anchor-title=\"\" class=\"bb-headline-block\">\n\t<div class=\"anchor-offset\" id=\"\"><\/div>\n\t\t\t<h4 class=\"default \">\n\t\t\t<span class=\"\">\n\t\t\t\t09:30 \u2013 09:45 Uhr |  Er\u00f6ffnung des Tages\t\t\t<\/span>\n\t\t<\/h4>\n\t<\/div>\n<\/div><\/div>\n\n<div class='grid grid-cols-12 container'><div class='col-span-12 lg:col-span-8 lg:col-start-3'><div class=\"bb-spacer-block h-2 lg:h-4 \">\n\t\n<\/div>\n\n<\/div><\/div>\n\n<div class='grid grid-cols-12 container'><div class='col-span-12 lg:col-span-8 lg:col-start-3'><div class=\"bb-spacer-block h-3 lg:h-6 border-t border-gray-300\">\n\t\n<\/div>\n\n<\/div><\/div>\n\n<div class='grid grid-cols-12 container'><div class='col-span-12 lg:col-span-8 lg:col-start-3'>\n<div class=\"wp-block-group has-aquamarine-300-background-color has-background is-content-justification-center is-nowrap is-layout-flex wp-container-core-group-is-layout-94bc23d7 wp-block-group-is-layout-flex\">\n\n<div data-anchor-title=\"\" class=\"bb-headline-block\">\n\t<div class=\"anchor-offset\" id=\"\"><\/div>\n\t\t\t<h3 class=\"default \">\n\t\t\t<span class=\"\">\n\t\t\t\tWas braucht die Welt von uns?\t\t\t<\/span>\n\t\t<\/h3>\n\t<\/div>\n<\/div>\n<\/div><\/div>\n\n<div class='grid grid-cols-12 container'><div class='col-span-12 lg:col-span-8 lg:col-start-3'>\n\n<div data-anchor-title=\"\" class=\"bb-headline-block\">\n\t<div class=\"anchor-offset\" id=\"\"><\/div>\n\t\t\t<h4 class=\"default \">\n\t\t\t<span class=\"\">\n\t\t\t\t09:45 \u2013 10:15 Uhr |  Keynote: &#8220;Unordentliche Wissenspraktiken \u2013 Wie ver\u00e4ndert sich der Umgang mit Wissen?&#8221;\t\t\t<\/span>\n\t\t<\/h4>\n\t<\/div>\n<\/div><\/div>\n\n<div class='grid grid-cols-12 container'><div class='col-span-12 lg:col-span-8 lg:col-start-3'><div class=\"bb-spacer-block h-2 lg:h-4 \">\n\t\n<\/div>\n\n<\/div><\/div>\n\n<div class='grid grid-cols-12 container'><div class='col-span-12 lg:col-span-8 lg:col-start-3'>\n<div class=\"wp-block-columns is-layout-flex wp-container-core-columns-is-layout-9d6595d7 wp-block-columns-is-layout-flex\">\n<div class=\"wp-block-column has-aquamarine-300-background-color has-background is-layout-flow wp-block-column-is-layout-flow\" style=\"flex-basis:33.33%\">\n<div class=\"bb-image-block my-4\">\n            <figure class=\"flex flex-col relative  no_caption\" role=\"group\">\n                    <\/figure>\n        <\/div>\n\n\n<div class=\"bb-image-block my-4\">\n            <figure class=\"portrait flex flex-col justify-center relative overflow-hidden bg-gray \" role=\"group\">\n        <img loading=\"lazy\" decoding=\"async\" width=\"850\" height=\"850\" src=\"https:\/\/www.wikimedia.de\/zukunftskongress\/wp-content\/uploads\/2024\/05\/Design-ohne-Titel-11.png\" class=\"h-full w-auto\" alt=\"\u00a9 Robert Schittko\" sizes=\"auto,  \" srcset=\"https:\/\/www.wikimedia.de\/zukunftskongress\/wp-content\/uploads\/2024\/05\/Design-ohne-Titel-11.png 850w, https:\/\/www.wikimedia.de\/zukunftskongress\/wp-content\/uploads\/2024\/05\/Design-ohne-Titel-11-300x300.png 300w, https:\/\/www.wikimedia.de\/zukunftskongress\/wp-content\/uploads\/2024\/05\/Design-ohne-Titel-11-150x150.png 150w, https:\/\/www.wikimedia.de\/zukunftskongress\/wp-content\/uploads\/2024\/05\/Design-ohne-Titel-11-768x768.png 768w\" \/>                <figcaption class=\"invisible flex absolute left-0 bottom-0 right-0 text-white bg-gray-900 w-auto h-auto z-20 p-2 text-sm flex items-start gap-4 break-all \">\n            <span class='bb-icon flex-shrink-0'><?xml version=\"1.0\" encoding=\"utf-8\"?>\n<svg width=\"16\" height=\"16\" fill=\"none\" viewBox=\"0 0 16 16\" xmlns=\"http:\/\/www.w3.org\/2000\/svg\" role=\"presentation\" aria-hidden=\"true\">\n  <path fill-rule=\"evenodd\" clip-rule=\"evenodd\" d=\"M16 8C16 10.1217 15.1571 12.1566 13.6569 13.6569C12.1566 15.1571 10.1217 16 8 16C5.87827 16 3.84344 15.1571 2.34315 13.6569C0.842855 12.1566 0 10.1217 0 8C0 5.87827 0.842855 3.84344 2.34315 2.34315C3.84344 0.842855 5.87827 0 8 0C10.1217 0 12.1566 0.842855 13.6569 2.34315C15.1571 3.84344 16 5.87827 16 8ZM9 4C9 4.26522 8.89464 4.51957 8.70711 4.70711C8.51957 4.89464 8.26522 5 8 5C7.73478 5 7.48043 4.89464 7.29289 4.70711C7.10536 4.51957 7 4.26522 7 4C7 3.73478 7.10536 3.48043 7.29289 3.29289C7.48043 3.10536 7.73478 3 8 3C8.26522 3 8.51957 3.10536 8.70711 3.29289C8.89464 3.48043 9 3.73478 9 4ZM7 7C6.73478 7 6.48043 7.10536 6.29289 7.29289C6.10536 7.48043 6 7.73478 6 8C6 8.26522 6.10536 8.51957 6.29289 8.70711C6.48043 8.89464 6.73478 9 7 9V12C7 12.2652 7.10536 12.5196 7.29289 12.7071C7.48043 12.8946 7.73478 13 8 13H9C9.26522 13 9.51957 12.8946 9.70711 12.7071C9.89464 12.5196 10 12.2652 10 12C10 11.7348 9.89464 11.4804 9.70711 11.2929C9.51957 11.1054 9.26522 11 9 11V8C9 7.73478 8.89464 7.48043 8.70711 7.29289C8.51957 7.10536 8.26522 7 8 7H7Z\" fill=\"white\"\/>\n<\/svg><\/span> <div class=\"self-center\">Chris Tedjasukmana | Foto von \u00a9 Robert Schittko    <\/div>\n        <\/figcaption>\n            <\/figure>\n        <\/div><\/div>\n\n\n\n<div class=\"wp-block-column is-layout-flow wp-block-column-is-layout-flow\" style=\"flex-basis:66.66%\"><div class=\"bb-paragraph-block font-inherit  text-base lg:text-xl\">\n\t<p><strong>Speaker<\/strong><span style=\"font-weight: 400;\"><strong>:<\/strong> <a href=\"https:\/\/alltagsmedien.ftmk.uni-mainz.de\/personen\/tedjasukmana\/\" target=\"_blank\" rel=\"noopener\">Chris Tedjasukmana<\/a> (Professor f\u00fcr Alltagsmedien und Digitale Kulturen an der Johannes Gutenberg-Universit\u00e4t Mainz <\/span><span style=\"font-weight: 400;\">und derzeit gesch\u00e4ftsf\u00fchrender Leiter des FTMK, dem Institut f\u00fcr Film-, Theater-, Medien- und Kulturwissenschaften der Johannes Gutenberg-Universit\u00e4t Mainz)<\/span><\/p>\n<\/div>\n<\/div>\n<\/div>\n<\/div><\/div>\n\n<div class='grid grid-cols-12 container'><div class='col-span-12 lg:col-span-8 lg:col-start-3'><div class=\"bb-paragraph-block font-inherit  text-base lg:text-xl\">\n\t<p><strong>Inhalt: <\/strong>Unzuverl\u00e4ssige Plattformen und KI-Anwendungen werden zur Herausforderung f\u00fcr bestehende Wissensinstitutionen, da sie Falschinformationen verbreiten. Frisst die Wissensrevolution ihre Kinder? Oder l\u00e4sst sich gerade jetzt das geltende Wissensverst\u00e4ndnis neu denken? Die Keynote sucht nach produktiven Umgangsweisen mit unordentlichen Wissenspraktiken. Sie betont das Potenzial einer Neuorientierung in post-enzyklop\u00e4dischen Wissenskulturen, in der das bestehende Wissensverst\u00e4ndnis durch andere Wissensformen erweitert wird.<\/p>\n<\/div>\n<\/div><\/div>\n\n<div class='grid grid-cols-12 container'><div class='col-span-12 lg:col-span-8 lg:col-start-3'><div class=\"bb-spacer-block h-5 lg:h-10 border-t border-gray-300\">\n\t\n<\/div>\n\n<\/div><\/div>\n\n<div class='grid grid-cols-12 container'><div class='col-span-12 lg:col-span-8 lg:col-start-3'><div class=\"bb-spacer-block h-2 lg:h-4 \">\n\t\n<\/div>\n\n<\/div><\/div>\n\n<div class='grid grid-cols-12 container'><div class='col-span-12 lg:col-span-8 lg:col-start-3'>\n\n<div data-anchor-title=\"\" class=\"bb-headline-block\">\n\t<div class=\"anchor-offset\" id=\"\"><\/div>\n\t\t\t<h4 class=\"default \">\n\t\t\t<span class=\"\">\n\t\t\t\t10:15 \u2013 11:45 Uhr |  Podium: &#8220;Informationen teilen, Wissen erschlie\u00dfen \u2013 welche Rolle spielt die Wikipedia?&#8221;\t\t\t<\/span>\n\t\t<\/h4>\n\t<\/div>\n<\/div><\/div>\n\n<div class='grid grid-cols-12 container'><div class='col-span-12 lg:col-span-8 lg:col-start-3'><div class=\"bb-spacer-block h-2 lg:h-4 \">\n\t\n<\/div>\n\n<\/div><\/div>\n\n<div class='grid grid-cols-12 container'><div class='col-span-12 lg:col-span-8 lg:col-start-3'><div class=\"bb-paragraph-block font-inherit  text-base lg:text-xl\">\n\t<p><span style=\"font-weight: 400;\">Wie Menschen das Internet und digitale Anwendungen nutzen, um Informationen zu teilen und sich Wissen zu erschlie\u00dfen, ver\u00e4ndert sich rasant. Auf das Wissen der Wikipedia greifen viele nicht l\u00e4nger nur direkt zu, sondern fragen die Sprachassistenz oder den Chat-Bot ihrer Wahl.\u00a0<\/span><\/p>\n<p><span style=\"font-weight: 400;\">Was bedeutet das f\u00fcr die Wikipedia? Wie bleiben ihre Inhalte noch relevant? F\u00fcr wen sind sie \u00fcberhaupt eine wichtige Informationsquelle und f\u00fcr wen nicht? In dieser Diskussionsrunde geht es sowohl um Fragen nach Zug\u00e4nglichkeit, Barrieren und fehlenden Perspektiven auf Wikipedia, als auch um die St\u00e4rken dieser bew\u00e4hrten Form der Wissensproduktion.<\/span><\/p>\n<p><strong>Panelist*innen:\u00a0<\/strong><\/p>\n<ul>\n<li><span style=\"font-weight: 400;\"><a href=\"https:\/\/alltagsmedien.ftmk.uni-mainz.de\/personen\/tedjasukmana\/\" target=\"_blank\" rel=\"noopener\">Chris Tedjasukmana<\/a> (Johannes Gutenberg-Universit\u00e4t Mainz)<\/span><\/li>\n<li><a href=\"https:\/\/www.uni-leipzig.de\/personenprofil\/mitarbeiter\/prof-dr-christian-pentzold\" target=\"_blank\" rel=\"noopener\"><span style=\"font-weight: 400;\">Christian Pentzold<\/span><\/a><span style=\"font-weight: 400;\"> (Universit\u00e4t Leipzig &amp; Center for Digital Participation)<\/span><\/li>\n<li><span style=\"font-weight: 400;\"><a href=\"https:\/\/de.wikipedia.org\/wiki\/Benutzerin:CaroFraTyskland\" target=\"_blank\" rel=\"noreferrer noopener\" data-saferedirecturl=\"https:\/\/www.google.com\/url?q=https%3A%2F%2Fde.wikipedia.org%2Fwiki%2FBenutzerin%3ACaroFraTyskland&amp;source=gmail&amp;ust=1714033660728000&amp;usg=AOvVaw2yJOpRNTQ3b_4pIbkFadkl\">CaroFraTyskland<\/a> (langj\u00e4hrige Wikipedianerin)<\/span><\/li>\n<li><a href=\"https:\/\/www.hanser-literaturverlage.de\/personen\/sinthujan-varatharajah-p-1740\"><span style=\"font-weight: 400;\">Sinthujan Varatharajah<\/span><\/a> (freie*r Wissenschaftler*in und Essayist*in)<\/li>\n<\/ul>\n<p><strong>Moderation:<\/strong> <span style=\"font-weight: 400;\"><a href=\"https:\/\/berndfiedler.eu\/\" target=\"_blank\" rel=\"noopener\">Bernd Fiedler<\/a> (Moderator und wissenschaftlicher Mitarbeiter im Bundestag)<\/span><\/p>\n<\/div>\n<\/div><\/div>\n\n<div class='grid grid-cols-12 container'><div class='col-span-12 lg:col-span-8 lg:col-start-3'>\n<div class=\"wp-block-group has-turquoise-100-background-color has-background is-nowrap is-layout-flex wp-container-core-group-is-layout-ad2f72ca wp-block-group-is-layout-flex\">\n<div class=\"bb-image-block my-4\">\n            <figure class=\"portrait flex flex-col justify-center relative overflow-hidden bg-gray \" role=\"group\">\n        <img loading=\"lazy\" decoding=\"async\" width=\"850\" height=\"850\" src=\"https:\/\/www.wikimedia.de\/zukunftskongress\/wp-content\/uploads\/2024\/05\/Design-ohne-Titel-11.png\" class=\"h-full w-auto\" alt=\"\u00a9 Robert Schittko\" sizes=\"auto,  \" srcset=\"https:\/\/www.wikimedia.de\/zukunftskongress\/wp-content\/uploads\/2024\/05\/Design-ohne-Titel-11.png 850w, https:\/\/www.wikimedia.de\/zukunftskongress\/wp-content\/uploads\/2024\/05\/Design-ohne-Titel-11-300x300.png 300w, https:\/\/www.wikimedia.de\/zukunftskongress\/wp-content\/uploads\/2024\/05\/Design-ohne-Titel-11-150x150.png 150w, https:\/\/www.wikimedia.de\/zukunftskongress\/wp-content\/uploads\/2024\/05\/Design-ohne-Titel-11-768x768.png 768w\" \/>                <figcaption class=\"invisible flex absolute left-0 bottom-0 right-0 text-white bg-gray-900 w-auto h-auto z-20 p-2 text-sm flex items-start gap-4 break-all \">\n            <span class='bb-icon flex-shrink-0'><?xml version=\"1.0\" encoding=\"utf-8\"?>\n<svg width=\"16\" height=\"16\" fill=\"none\" viewBox=\"0 0 16 16\" xmlns=\"http:\/\/www.w3.org\/2000\/svg\" role=\"presentation\" aria-hidden=\"true\">\n  <path fill-rule=\"evenodd\" clip-rule=\"evenodd\" d=\"M16 8C16 10.1217 15.1571 12.1566 13.6569 13.6569C12.1566 15.1571 10.1217 16 8 16C5.87827 16 3.84344 15.1571 2.34315 13.6569C0.842855 12.1566 0 10.1217 0 8C0 5.87827 0.842855 3.84344 2.34315 2.34315C3.84344 0.842855 5.87827 0 8 0C10.1217 0 12.1566 0.842855 13.6569 2.34315C15.1571 3.84344 16 5.87827 16 8ZM9 4C9 4.26522 8.89464 4.51957 8.70711 4.70711C8.51957 4.89464 8.26522 5 8 5C7.73478 5 7.48043 4.89464 7.29289 4.70711C7.10536 4.51957 7 4.26522 7 4C7 3.73478 7.10536 3.48043 7.29289 3.29289C7.48043 3.10536 7.73478 3 8 3C8.26522 3 8.51957 3.10536 8.70711 3.29289C8.89464 3.48043 9 3.73478 9 4ZM7 7C6.73478 7 6.48043 7.10536 6.29289 7.29289C6.10536 7.48043 6 7.73478 6 8C6 8.26522 6.10536 8.51957 6.29289 8.70711C6.48043 8.89464 6.73478 9 7 9V12C7 12.2652 7.10536 12.5196 7.29289 12.7071C7.48043 12.8946 7.73478 13 8 13H9C9.26522 13 9.51957 12.8946 9.70711 12.7071C9.89464 12.5196 10 12.2652 10 12C10 11.7348 9.89464 11.4804 9.70711 11.2929C9.51957 11.1054 9.26522 11 9 11V8C9 7.73478 8.89464 7.48043 8.70711 7.29289C8.51957 7.10536 8.26522 7 8 7H7Z\" fill=\"white\"\/>\n<\/svg><\/span> <div class=\"self-center\">Chris Tedjasukmana | Foto von \u00a9 Robert Schittko    <\/div>\n        <\/figcaption>\n            <\/figure>\n        <\/div>\n\n\n<div class=\"bb-image-block my-4\">\n            <figure class=\"portrait flex flex-col justify-center relative overflow-hidden bg-gray \" role=\"group\">\n        <img loading=\"lazy\" decoding=\"async\" width=\"850\" height=\"850\" src=\"https:\/\/www.wikimedia.de\/zukunftskongress\/wp-content\/uploads\/2024\/05\/Design-ohne-Titel-12.png\" class=\"h-full w-auto\" alt=\"\u00a9 Swen Reichhold\" sizes=\"auto,  \" srcset=\"https:\/\/www.wikimedia.de\/zukunftskongress\/wp-content\/uploads\/2024\/05\/Design-ohne-Titel-12.png 850w, https:\/\/www.wikimedia.de\/zukunftskongress\/wp-content\/uploads\/2024\/05\/Design-ohne-Titel-12-300x300.png 300w, https:\/\/www.wikimedia.de\/zukunftskongress\/wp-content\/uploads\/2024\/05\/Design-ohne-Titel-12-150x150.png 150w, https:\/\/www.wikimedia.de\/zukunftskongress\/wp-content\/uploads\/2024\/05\/Design-ohne-Titel-12-768x768.png 768w\" \/>                <figcaption class=\"invisible flex absolute left-0 bottom-0 right-0 text-white bg-gray-900 w-auto h-auto z-20 p-2 text-sm flex items-start gap-4 break-all \">\n            <span class='bb-icon flex-shrink-0'><?xml version=\"1.0\" encoding=\"utf-8\"?>\n<svg width=\"16\" height=\"16\" fill=\"none\" viewBox=\"0 0 16 16\" xmlns=\"http:\/\/www.w3.org\/2000\/svg\" role=\"presentation\" aria-hidden=\"true\">\n  <path fill-rule=\"evenodd\" clip-rule=\"evenodd\" d=\"M16 8C16 10.1217 15.1571 12.1566 13.6569 13.6569C12.1566 15.1571 10.1217 16 8 16C5.87827 16 3.84344 15.1571 2.34315 13.6569C0.842855 12.1566 0 10.1217 0 8C0 5.87827 0.842855 3.84344 2.34315 2.34315C3.84344 0.842855 5.87827 0 8 0C10.1217 0 12.1566 0.842855 13.6569 2.34315C15.1571 3.84344 16 5.87827 16 8ZM9 4C9 4.26522 8.89464 4.51957 8.70711 4.70711C8.51957 4.89464 8.26522 5 8 5C7.73478 5 7.48043 4.89464 7.29289 4.70711C7.10536 4.51957 7 4.26522 7 4C7 3.73478 7.10536 3.48043 7.29289 3.29289C7.48043 3.10536 7.73478 3 8 3C8.26522 3 8.51957 3.10536 8.70711 3.29289C8.89464 3.48043 9 3.73478 9 4ZM7 7C6.73478 7 6.48043 7.10536 6.29289 7.29289C6.10536 7.48043 6 7.73478 6 8C6 8.26522 6.10536 8.51957 6.29289 8.70711C6.48043 8.89464 6.73478 9 7 9V12C7 12.2652 7.10536 12.5196 7.29289 12.7071C7.48043 12.8946 7.73478 13 8 13H9C9.26522 13 9.51957 12.8946 9.70711 12.7071C9.89464 12.5196 10 12.2652 10 12C10 11.7348 9.89464 11.4804 9.70711 11.2929C9.51957 11.1054 9.26522 11 9 11V8C9 7.73478 8.89464 7.48043 8.70711 7.29289C8.51957 7.10536 8.26522 7 8 7H7Z\" fill=\"white\"\/>\n<\/svg><\/span> <div class=\"self-center\">Christian Pentzold | Foto von \u00a9 Swen Reichhold <\/div>\n        <\/figcaption>\n            <\/figure>\n        <\/div>\n\n\n<div class=\"bb-image-block my-4\">\n            <figure class=\"portrait flex flex-col justify-center relative overflow-hidden bg-gray \" role=\"group\">\n        <img loading=\"lazy\" decoding=\"async\" width=\"850\" height=\"850\" src=\"https:\/\/www.wikimedia.de\/zukunftskongress\/wp-content\/uploads\/2024\/05\/Design-ohne-Titel-13.png\" class=\"h-full w-auto\" alt=\"\u00a9 CaroFraTyskland\" sizes=\"auto,  \" srcset=\"https:\/\/www.wikimedia.de\/zukunftskongress\/wp-content\/uploads\/2024\/05\/Design-ohne-Titel-13.png 850w, https:\/\/www.wikimedia.de\/zukunftskongress\/wp-content\/uploads\/2024\/05\/Design-ohne-Titel-13-300x300.png 300w, https:\/\/www.wikimedia.de\/zukunftskongress\/wp-content\/uploads\/2024\/05\/Design-ohne-Titel-13-150x150.png 150w, https:\/\/www.wikimedia.de\/zukunftskongress\/wp-content\/uploads\/2024\/05\/Design-ohne-Titel-13-768x768.png 768w\" \/>                <figcaption class=\"invisible flex absolute left-0 bottom-0 right-0 text-white bg-gray-900 w-auto h-auto z-20 p-2 text-sm flex items-start gap-4 break-all \">\n            <span class='bb-icon flex-shrink-0'><?xml version=\"1.0\" encoding=\"utf-8\"?>\n<svg width=\"16\" height=\"16\" fill=\"none\" viewBox=\"0 0 16 16\" xmlns=\"http:\/\/www.w3.org\/2000\/svg\" role=\"presentation\" aria-hidden=\"true\">\n  <path fill-rule=\"evenodd\" clip-rule=\"evenodd\" d=\"M16 8C16 10.1217 15.1571 12.1566 13.6569 13.6569C12.1566 15.1571 10.1217 16 8 16C5.87827 16 3.84344 15.1571 2.34315 13.6569C0.842855 12.1566 0 10.1217 0 8C0 5.87827 0.842855 3.84344 2.34315 2.34315C3.84344 0.842855 5.87827 0 8 0C10.1217 0 12.1566 0.842855 13.6569 2.34315C15.1571 3.84344 16 5.87827 16 8ZM9 4C9 4.26522 8.89464 4.51957 8.70711 4.70711C8.51957 4.89464 8.26522 5 8 5C7.73478 5 7.48043 4.89464 7.29289 4.70711C7.10536 4.51957 7 4.26522 7 4C7 3.73478 7.10536 3.48043 7.29289 3.29289C7.48043 3.10536 7.73478 3 8 3C8.26522 3 8.51957 3.10536 8.70711 3.29289C8.89464 3.48043 9 3.73478 9 4ZM7 7C6.73478 7 6.48043 7.10536 6.29289 7.29289C6.10536 7.48043 6 7.73478 6 8C6 8.26522 6.10536 8.51957 6.29289 8.70711C6.48043 8.89464 6.73478 9 7 9V12C7 12.2652 7.10536 12.5196 7.29289 12.7071C7.48043 12.8946 7.73478 13 8 13H9C9.26522 13 9.51957 12.8946 9.70711 12.7071C9.89464 12.5196 10 12.2652 10 12C10 11.7348 9.89464 11.4804 9.70711 11.2929C9.51957 11.1054 9.26522 11 9 11V8C9 7.73478 8.89464 7.48043 8.70711 7.29289C8.51957 7.10536 8.26522 7 8 7H7Z\" fill=\"white\"\/>\n<\/svg><\/span> <div class=\"self-center\">CaroFraTyskland | Foto von \u00a9 CaroFraTyskland<\/div>\n        <\/figcaption>\n            <\/figure>\n        <\/div>\n\n\n<div class=\"bb-image-block my-4\">\n            <figure class=\"portrait flex flex-col justify-center relative overflow-hidden bg-gray \" role=\"group\">\n        <img loading=\"lazy\" decoding=\"async\" width=\"850\" height=\"850\" src=\"https:\/\/www.wikimedia.de\/zukunftskongress\/wp-content\/uploads\/2024\/05\/Design-ohne-Titel-14.png\" class=\"h-full w-auto\" alt=\"\u00a9 Jonas Walzberg\" sizes=\"auto,  \" srcset=\"https:\/\/www.wikimedia.de\/zukunftskongress\/wp-content\/uploads\/2024\/05\/Design-ohne-Titel-14.png 850w, https:\/\/www.wikimedia.de\/zukunftskongress\/wp-content\/uploads\/2024\/05\/Design-ohne-Titel-14-300x300.png 300w, https:\/\/www.wikimedia.de\/zukunftskongress\/wp-content\/uploads\/2024\/05\/Design-ohne-Titel-14-150x150.png 150w, https:\/\/www.wikimedia.de\/zukunftskongress\/wp-content\/uploads\/2024\/05\/Design-ohne-Titel-14-768x768.png 768w\" \/>                <figcaption class=\"invisible flex absolute left-0 bottom-0 right-0 text-white bg-gray-900 w-auto h-auto z-20 p-2 text-sm flex items-start gap-4 break-all \">\n            <span class='bb-icon flex-shrink-0'><?xml version=\"1.0\" encoding=\"utf-8\"?>\n<svg width=\"16\" height=\"16\" fill=\"none\" viewBox=\"0 0 16 16\" xmlns=\"http:\/\/www.w3.org\/2000\/svg\" role=\"presentation\" aria-hidden=\"true\">\n  <path fill-rule=\"evenodd\" clip-rule=\"evenodd\" d=\"M16 8C16 10.1217 15.1571 12.1566 13.6569 13.6569C12.1566 15.1571 10.1217 16 8 16C5.87827 16 3.84344 15.1571 2.34315 13.6569C0.842855 12.1566 0 10.1217 0 8C0 5.87827 0.842855 3.84344 2.34315 2.34315C3.84344 0.842855 5.87827 0 8 0C10.1217 0 12.1566 0.842855 13.6569 2.34315C15.1571 3.84344 16 5.87827 16 8ZM9 4C9 4.26522 8.89464 4.51957 8.70711 4.70711C8.51957 4.89464 8.26522 5 8 5C7.73478 5 7.48043 4.89464 7.29289 4.70711C7.10536 4.51957 7 4.26522 7 4C7 3.73478 7.10536 3.48043 7.29289 3.29289C7.48043 3.10536 7.73478 3 8 3C8.26522 3 8.51957 3.10536 8.70711 3.29289C8.89464 3.48043 9 3.73478 9 4ZM7 7C6.73478 7 6.48043 7.10536 6.29289 7.29289C6.10536 7.48043 6 7.73478 6 8C6 8.26522 6.10536 8.51957 6.29289 8.70711C6.48043 8.89464 6.73478 9 7 9V12C7 12.2652 7.10536 12.5196 7.29289 12.7071C7.48043 12.8946 7.73478 13 8 13H9C9.26522 13 9.51957 12.8946 9.70711 12.7071C9.89464 12.5196 10 12.2652 10 12C10 11.7348 9.89464 11.4804 9.70711 11.2929C9.51957 11.1054 9.26522 11 9 11V8C9 7.73478 8.89464 7.48043 8.70711 7.29289C8.51957 7.10536 8.26522 7 8 7H7Z\" fill=\"white\"\/>\n<\/svg><\/span> <div class=\"self-center\">Bernd Fiedler | Foto von \u00a9 Jonas Walzberg<\/div>\n        <\/figcaption>\n            <\/figure>\n        <\/div><\/div>\n<\/div><\/div>\n\n<div class='grid grid-cols-12 container'><div class='col-span-12 lg:col-span-8 lg:col-start-3'><div class=\"bb-spacer-block h-2 lg:h-4 border-t border-gray-300\">\n\t\n<\/div>\n\n<\/div><\/div>\n\n<div class='grid grid-cols-12 container'><div class='col-span-12 lg:col-span-8 lg:col-start-3'><div class=\"bb-spacer-block h-2 lg:h-4 \">\n\t\n<\/div>\n\n<\/div><\/div>\n\n<div class='grid grid-cols-12 container'><div class='col-span-12 lg:col-span-8 lg:col-start-3'>\n<div class=\"wp-block-group has-aquamarine-300-background-color has-background is-content-justification-center is-nowrap is-layout-flex wp-container-core-group-is-layout-94bc23d7 wp-block-group-is-layout-flex\">\n\n<div data-anchor-title=\"\" class=\"bb-headline-block\">\n\t<div class=\"anchor-offset\" id=\"\"><\/div>\n\t\t\t<h3 class=\"default \">\n\t\t\t<span class=\"\">\n\t\t\t\tWie gestalten wir den technologischen Wandel?\t\t\t<\/span>\n\t\t<\/h3>\n\t<\/div>\n<\/div>\n<\/div><\/div>\n\n<div class='grid grid-cols-12 container'><div class='col-span-12 lg:col-span-8 lg:col-start-3'>\n\n<div data-anchor-title=\"\" class=\"bb-headline-block\">\n\t<div class=\"anchor-offset\" id=\"\"><\/div>\n\t\t\t<h4 class=\"default \">\n\t\t\t<span class=\"\">\n\t\t\t\t13:00 \u2013 13:30 Uhr |  Keynote: &#8220;Wandel durch KI?&#8221;\t\t\t<\/span>\n\t\t<\/h4>\n\t<\/div>\n<\/div><\/div>\n\n<div class='grid grid-cols-12 container'><div class='col-span-12 lg:col-span-8 lg:col-start-3'><div class=\"bb-spacer-block h-2 lg:h-4 \">\n\t\n<\/div>\n\n<\/div><\/div>\n\n<div class='grid grid-cols-12 container'><div class='col-span-12 lg:col-span-8 lg:col-start-3'>\n<div class=\"wp-block-columns is-layout-flex wp-container-core-columns-is-layout-9d6595d7 wp-block-columns-is-layout-flex\">\n<div class=\"wp-block-column has-aquamarine-300-background-color has-background is-layout-flow wp-block-column-is-layout-flow\" style=\"flex-basis:33.33%\">\n<div class=\"bb-image-block my-4\">\n            <figure class=\"portrait flex flex-col justify-center relative overflow-hidden bg-gray \" role=\"group\">\n        <img loading=\"lazy\" decoding=\"async\" width=\"850\" height=\"850\" src=\"https:\/\/www.wikimedia.de\/zukunftskongress\/wp-content\/uploads\/2024\/05\/Design-ohne-Titel-17.png\" class=\"h-full w-auto\" alt=\"\u00a9 Theresa Z\u00fcger\" sizes=\"auto,  \" srcset=\"https:\/\/www.wikimedia.de\/zukunftskongress\/wp-content\/uploads\/2024\/05\/Design-ohne-Titel-17.png 850w, https:\/\/www.wikimedia.de\/zukunftskongress\/wp-content\/uploads\/2024\/05\/Design-ohne-Titel-17-300x300.png 300w, https:\/\/www.wikimedia.de\/zukunftskongress\/wp-content\/uploads\/2024\/05\/Design-ohne-Titel-17-150x150.png 150w, https:\/\/www.wikimedia.de\/zukunftskongress\/wp-content\/uploads\/2024\/05\/Design-ohne-Titel-17-768x768.png 768w\" \/>                <figcaption class=\"invisible flex absolute left-0 bottom-0 right-0 text-white bg-gray-900 w-auto h-auto z-20 p-2 text-sm flex items-start gap-4 break-all \">\n            <span class='bb-icon flex-shrink-0'><?xml version=\"1.0\" encoding=\"utf-8\"?>\n<svg width=\"16\" height=\"16\" fill=\"none\" viewBox=\"0 0 16 16\" xmlns=\"http:\/\/www.w3.org\/2000\/svg\" role=\"presentation\" aria-hidden=\"true\">\n  <path fill-rule=\"evenodd\" clip-rule=\"evenodd\" d=\"M16 8C16 10.1217 15.1571 12.1566 13.6569 13.6569C12.1566 15.1571 10.1217 16 8 16C5.87827 16 3.84344 15.1571 2.34315 13.6569C0.842855 12.1566 0 10.1217 0 8C0 5.87827 0.842855 3.84344 2.34315 2.34315C3.84344 0.842855 5.87827 0 8 0C10.1217 0 12.1566 0.842855 13.6569 2.34315C15.1571 3.84344 16 5.87827 16 8ZM9 4C9 4.26522 8.89464 4.51957 8.70711 4.70711C8.51957 4.89464 8.26522 5 8 5C7.73478 5 7.48043 4.89464 7.29289 4.70711C7.10536 4.51957 7 4.26522 7 4C7 3.73478 7.10536 3.48043 7.29289 3.29289C7.48043 3.10536 7.73478 3 8 3C8.26522 3 8.51957 3.10536 8.70711 3.29289C8.89464 3.48043 9 3.73478 9 4ZM7 7C6.73478 7 6.48043 7.10536 6.29289 7.29289C6.10536 7.48043 6 7.73478 6 8C6 8.26522 6.10536 8.51957 6.29289 8.70711C6.48043 8.89464 6.73478 9 7 9V12C7 12.2652 7.10536 12.5196 7.29289 12.7071C7.48043 12.8946 7.73478 13 8 13H9C9.26522 13 9.51957 12.8946 9.70711 12.7071C9.89464 12.5196 10 12.2652 10 12C10 11.7348 9.89464 11.4804 9.70711 11.2929C9.51957 11.1054 9.26522 11 9 11V8C9 7.73478 8.89464 7.48043 8.70711 7.29289C8.51957 7.10536 8.26522 7 8 7H7Z\" fill=\"white\"\/>\n<\/svg><\/span> <div class=\"self-center\">Theresa Z\u00fcger | Foto von \u00a9 Theresa Z\u00fcger  <\/div>\n        <\/figcaption>\n            <\/figure>\n        <\/div><\/div>\n\n\n\n<div class=\"wp-block-column is-layout-flow wp-block-column-is-layout-flow\" style=\"flex-basis:66.66%\"><div class=\"bb-spacer-block h-2 lg:h-4 \">\n\t\n<\/div>\n\n\n\n<div class=\"bb-paragraph-block font-inherit  text-base lg:text-xl\">\n\t<p><strong>Speakerin: <\/strong><a href=\"https:\/\/www.hiig.de\/theresa-zueger\/\" target=\"_blank\" rel=\"noopener\"><span style=\"font-weight: 400;\">Theresa Z\u00fcger<\/span><\/a><span style=\"font-weight: 400;\"> (Alexander von Humboldt-Institut f\u00fcr Internet und Gesellschaft, Leiterin der vom Bundesministerium f\u00fcr Bildung und Forschung (BMBF) gef\u00f6rderten Nachwuchsforscher*innengruppe Public Interest AI)<\/span><\/p>\n<\/div>\n<\/div>\n<\/div>\n<\/div><\/div>\n\n<div class='grid grid-cols-12 container'><div class='col-span-12 lg:col-span-8 lg:col-start-3'><div class=\"bb-paragraph-block font-inherit  text-base lg:text-xl\">\n\t<p><strong>Inhalt:<\/strong> KI wird von der Erz\u00e4hlung begleitet, dass sie unweigerlich unsere Gesellschaft ver\u00e4ndert. Aber wie genau sieht dieser Wandel aus und wie sollte er aussehen? Wie k\u00f6nnen gemeinwohlorientierte Initiativen KI f\u00fcr sich nutzen? Mit diesen Fragen besch\u00e4ftigt sich diese Keynote und greift dabei auf Forschung \u00fcber gemeinwohlorientierte KI Projekte zur\u00fcck, schaut jedoch auch in die Zukunft von w\u00fcnschenswerten M\u00f6glichkeiten der KI-Gestaltung.<\/p>\n<\/div>\n<\/div><\/div>\n\n<div class='grid grid-cols-12 container'><div class='col-span-12 lg:col-span-8 lg:col-start-3'><div class=\"bb-spacer-block h-2 lg:h-4 border-t border-gray-300\">\n\t\n<\/div>\n\n<\/div><\/div>\n\n<div class='grid grid-cols-12 container'><div class='col-span-12 lg:col-span-8 lg:col-start-3'><div class=\"bb-spacer-block h-2 lg:h-4 \">\n\t\n<\/div>\n\n<\/div><\/div>\n\n<div class='grid grid-cols-12 container'><div class='col-span-12 lg:col-span-8 lg:col-start-3'>\n\n<div data-anchor-title=\"\" class=\"bb-headline-block\">\n\t<div class=\"anchor-offset\" id=\"\"><\/div>\n\t\t\t<h4 class=\"default \">\n\t\t\t<span class=\"\">\n\t\t\t\t13:30 \u2013 15:00 Uhr |  Podium: &#8220;Handschrift, Buchdruck, WWW &#8211; und was kommt dann?&#8221;\t\t\t<\/span>\n\t\t<\/h4>\n\t<\/div>\n<\/div><\/div>\n\n<div class='grid grid-cols-12 container'><div class='col-span-12 lg:col-span-8 lg:col-start-3'><div class=\"bb-spacer-block h-2 lg:h-4 \">\n\t\n<\/div>\n\n<\/div><\/div>\n\n<div class='grid grid-cols-12 container'><div class='col-span-12 lg:col-span-8 lg:col-start-3'><div class=\"bb-paragraph-block font-inherit  text-base lg:text-xl\">\n\t<p><span style=\"font-weight: 400;\">Als die Wikipedia 2001 gegr\u00fcndet wurde, war das vor allem auch eine durch Technik unterst\u00fctzte Revolution. Damit war eine v\u00f6llig neue Art geboren, Wissen breitfl\u00e4chig zu verteilen! Die Wikipedia hatte das Lexikon schnell nicht nur ersetzt, sondern weitergedacht.<\/span><\/p>\n<p><span style=\"font-weight: 400;\">Technologie entwickelte sich seitdem rasant weiter, die Wikipedia blieb \u2013 im Gro\u00dfen und Ganzen \u2013 gleich. Welche technologischen Entwicklungen lohnt es sich anzueignen? Wie kann digitale Wissensarbeit und -verbreitung von ihnen profitieren? Oder provokant gefragt: Wie k\u00f6nnen wir im Zeitalter von Smartphone, Social Media und KI daf\u00fcr sorgen, dass der Wikipedia-Idee nicht dasselbe passiert wie dem Lexikon?<\/span><\/p>\n<p><strong>Panelist*innen:\u00a0<\/strong><\/p>\n<ul>\n<li><span style=\"font-weight: 400;\"><a href=\"https:\/\/www.hiig.de\/theresa-zueger\/\" target=\"_blank\" rel=\"noopener\">Theresa Z\u00fcger<\/a><\/span><span style=\"font-weight: 400;\"> (Alexander von Humboldt-Institut f\u00fcr Internet und Gesellschaft)<\/span><\/li>\n<li><span style=\"font-weight: 400;\"><a href=\"https:\/\/techshelikes.co\/carina-zehetmaier\/\" target=\"_blank\" rel=\"noopener\">Carina Zehetmaier<\/a> (Pr\u00e4sidentin der Vereinigung \u201eWomen in AI\u201c)<\/span><\/li>\n<li><span style=\"font-weight: 400;\"><a href=\"https:\/\/www.heise.de\/news\/heise-meets-Zukunft-der-Medien-Was-Journalismus-heute-leisten-muss-7147508.html\">Hannah Monderkamp<\/a> (Mitglied der Chefredaktion von Heise Medien)<\/span><\/li>\n<li><span style=\"font-weight: 400;\"><a href=\"http:\/\/www.jansson.de\/\" target=\"_blank\" rel=\"noopener\">Kurt Jansson<\/a> (Wikipedianer, Gr\u00fcndungsvorsitzender von Wikimedia Deutschland, Leiter der Dokumentation des Spiegel-Verlags)<\/span><\/li>\n<li><span style=\"font-weight: 400;\"><a href=\"https:\/\/de.wikipedia.org\/wiki\/Franziska_Heine\">Franziska Heine<\/a> (Vorst\u00e4ndin von Wikimedia Deutschland)<\/span><\/li>\n<\/ul>\n<p><strong>Moderation:<\/strong> <span style=\"font-weight: 400;\"><a href=\"https:\/\/de.wikipedia.org\/wiki\/Marcus_Richter_(Moderator)\">Marcus Richter<\/a> (Freier Redakteur, Moderator und Podcaster)<\/span><\/p>\n<\/div>\n<\/div><\/div>\n\n<div class='grid grid-cols-12 container'><div class='col-span-12 lg:col-span-8 lg:col-start-3'>\n<div class=\"wp-block-group has-turquoise-100-background-color has-background is-nowrap is-layout-flex wp-container-core-group-is-layout-ad2f72ca wp-block-group-is-layout-flex\">\n<div class=\"bb-image-block my-4\">\n            <figure class=\"portrait flex flex-col justify-center relative overflow-hidden bg-gray \" role=\"group\">\n        <img loading=\"lazy\" decoding=\"async\" width=\"850\" height=\"850\" src=\"https:\/\/www.wikimedia.de\/zukunftskongress\/wp-content\/uploads\/2024\/05\/Design-ohne-Titel-17.png\" class=\"h-full w-auto\" alt=\"\u00a9 Theresa Z\u00fcger\" sizes=\"auto,  \" srcset=\"https:\/\/www.wikimedia.de\/zukunftskongress\/wp-content\/uploads\/2024\/05\/Design-ohne-Titel-17.png 850w, https:\/\/www.wikimedia.de\/zukunftskongress\/wp-content\/uploads\/2024\/05\/Design-ohne-Titel-17-300x300.png 300w, https:\/\/www.wikimedia.de\/zukunftskongress\/wp-content\/uploads\/2024\/05\/Design-ohne-Titel-17-150x150.png 150w, https:\/\/www.wikimedia.de\/zukunftskongress\/wp-content\/uploads\/2024\/05\/Design-ohne-Titel-17-768x768.png 768w\" \/>                <figcaption class=\"invisible flex absolute left-0 bottom-0 right-0 text-white bg-gray-900 w-auto h-auto z-20 p-2 text-sm flex items-start gap-4 break-all \">\n            <span class='bb-icon flex-shrink-0'><?xml version=\"1.0\" encoding=\"utf-8\"?>\n<svg width=\"16\" height=\"16\" fill=\"none\" viewBox=\"0 0 16 16\" xmlns=\"http:\/\/www.w3.org\/2000\/svg\" role=\"presentation\" aria-hidden=\"true\">\n  <path fill-rule=\"evenodd\" clip-rule=\"evenodd\" d=\"M16 8C16 10.1217 15.1571 12.1566 13.6569 13.6569C12.1566 15.1571 10.1217 16 8 16C5.87827 16 3.84344 15.1571 2.34315 13.6569C0.842855 12.1566 0 10.1217 0 8C0 5.87827 0.842855 3.84344 2.34315 2.34315C3.84344 0.842855 5.87827 0 8 0C10.1217 0 12.1566 0.842855 13.6569 2.34315C15.1571 3.84344 16 5.87827 16 8ZM9 4C9 4.26522 8.89464 4.51957 8.70711 4.70711C8.51957 4.89464 8.26522 5 8 5C7.73478 5 7.48043 4.89464 7.29289 4.70711C7.10536 4.51957 7 4.26522 7 4C7 3.73478 7.10536 3.48043 7.29289 3.29289C7.48043 3.10536 7.73478 3 8 3C8.26522 3 8.51957 3.10536 8.70711 3.29289C8.89464 3.48043 9 3.73478 9 4ZM7 7C6.73478 7 6.48043 7.10536 6.29289 7.29289C6.10536 7.48043 6 7.73478 6 8C6 8.26522 6.10536 8.51957 6.29289 8.70711C6.48043 8.89464 6.73478 9 7 9V12C7 12.2652 7.10536 12.5196 7.29289 12.7071C7.48043 12.8946 7.73478 13 8 13H9C9.26522 13 9.51957 12.8946 9.70711 12.7071C9.89464 12.5196 10 12.2652 10 12C10 11.7348 9.89464 11.4804 9.70711 11.2929C9.51957 11.1054 9.26522 11 9 11V8C9 7.73478 8.89464 7.48043 8.70711 7.29289C8.51957 7.10536 8.26522 7 8 7H7Z\" fill=\"white\"\/>\n<\/svg><\/span> <div class=\"self-center\">Theresa Z\u00fcger | Foto von \u00a9 Theresa Z\u00fcger  <\/div>\n        <\/figcaption>\n            <\/figure>\n        <\/div>\n\n\n<div class=\"bb-image-block my-4\">\n            <figure class=\"portrait flex flex-col justify-center relative overflow-hidden bg-gray \" role=\"group\">\n        <img loading=\"lazy\" decoding=\"async\" width=\"850\" height=\"850\" src=\"https:\/\/www.wikimedia.de\/zukunftskongress\/wp-content\/uploads\/2024\/05\/Design-ohne-Titel-18.png\" class=\"h-full w-auto\" alt=\"\u00a9 Heise\" sizes=\"auto,  \" srcset=\"https:\/\/www.wikimedia.de\/zukunftskongress\/wp-content\/uploads\/2024\/05\/Design-ohne-Titel-18.png 850w, https:\/\/www.wikimedia.de\/zukunftskongress\/wp-content\/uploads\/2024\/05\/Design-ohne-Titel-18-300x300.png 300w, https:\/\/www.wikimedia.de\/zukunftskongress\/wp-content\/uploads\/2024\/05\/Design-ohne-Titel-18-150x150.png 150w, https:\/\/www.wikimedia.de\/zukunftskongress\/wp-content\/uploads\/2024\/05\/Design-ohne-Titel-18-768x768.png 768w\" \/>                <figcaption class=\"invisible flex absolute left-0 bottom-0 right-0 text-white bg-gray-900 w-auto h-auto z-20 p-2 text-sm flex items-start gap-4 break-all \">\n            <span class='bb-icon flex-shrink-0'><?xml version=\"1.0\" encoding=\"utf-8\"?>\n<svg width=\"16\" height=\"16\" fill=\"none\" viewBox=\"0 0 16 16\" xmlns=\"http:\/\/www.w3.org\/2000\/svg\" role=\"presentation\" aria-hidden=\"true\">\n  <path fill-rule=\"evenodd\" clip-rule=\"evenodd\" d=\"M16 8C16 10.1217 15.1571 12.1566 13.6569 13.6569C12.1566 15.1571 10.1217 16 8 16C5.87827 16 3.84344 15.1571 2.34315 13.6569C0.842855 12.1566 0 10.1217 0 8C0 5.87827 0.842855 3.84344 2.34315 2.34315C3.84344 0.842855 5.87827 0 8 0C10.1217 0 12.1566 0.842855 13.6569 2.34315C15.1571 3.84344 16 5.87827 16 8ZM9 4C9 4.26522 8.89464 4.51957 8.70711 4.70711C8.51957 4.89464 8.26522 5 8 5C7.73478 5 7.48043 4.89464 7.29289 4.70711C7.10536 4.51957 7 4.26522 7 4C7 3.73478 7.10536 3.48043 7.29289 3.29289C7.48043 3.10536 7.73478 3 8 3C8.26522 3 8.51957 3.10536 8.70711 3.29289C8.89464 3.48043 9 3.73478 9 4ZM7 7C6.73478 7 6.48043 7.10536 6.29289 7.29289C6.10536 7.48043 6 7.73478 6 8C6 8.26522 6.10536 8.51957 6.29289 8.70711C6.48043 8.89464 6.73478 9 7 9V12C7 12.2652 7.10536 12.5196 7.29289 12.7071C7.48043 12.8946 7.73478 13 8 13H9C9.26522 13 9.51957 12.8946 9.70711 12.7071C9.89464 12.5196 10 12.2652 10 12C10 11.7348 9.89464 11.4804 9.70711 11.2929C9.51957 11.1054 9.26522 11 9 11V8C9 7.73478 8.89464 7.48043 8.70711 7.29289C8.51957 7.10536 8.26522 7 8 7H7Z\" fill=\"white\"\/>\n<\/svg><\/span> <div class=\"self-center\">Hannah Monderkamp | Foto von \u00a9 Heise    <\/div>\n        <\/figcaption>\n            <\/figure>\n        <\/div>\n\n\n<div class=\"bb-image-block my-4\">\n            <figure class=\"portrait flex flex-col justify-center relative overflow-hidden bg-gray \" role=\"group\">\n        <img loading=\"lazy\" decoding=\"async\" width=\"850\" height=\"850\" src=\"https:\/\/www.wikimedia.de\/zukunftskongress\/wp-content\/uploads\/2024\/05\/Design-ohne-Titel-19.png\" class=\"h-full w-auto\" alt=\"\u00a9 Doris Hassebrauck\" sizes=\"auto,  \" srcset=\"https:\/\/www.wikimedia.de\/zukunftskongress\/wp-content\/uploads\/2024\/05\/Design-ohne-Titel-19.png 850w, https:\/\/www.wikimedia.de\/zukunftskongress\/wp-content\/uploads\/2024\/05\/Design-ohne-Titel-19-300x300.png 300w, https:\/\/www.wikimedia.de\/zukunftskongress\/wp-content\/uploads\/2024\/05\/Design-ohne-Titel-19-150x150.png 150w, https:\/\/www.wikimedia.de\/zukunftskongress\/wp-content\/uploads\/2024\/05\/Design-ohne-Titel-19-768x768.png 768w\" \/>                <figcaption class=\"invisible flex absolute left-0 bottom-0 right-0 text-white bg-gray-900 w-auto h-auto z-20 p-2 text-sm flex items-start gap-4 break-all \">\n            <span class='bb-icon flex-shrink-0'><?xml version=\"1.0\" encoding=\"utf-8\"?>\n<svg width=\"16\" height=\"16\" fill=\"none\" viewBox=\"0 0 16 16\" xmlns=\"http:\/\/www.w3.org\/2000\/svg\" role=\"presentation\" aria-hidden=\"true\">\n  <path fill-rule=\"evenodd\" clip-rule=\"evenodd\" d=\"M16 8C16 10.1217 15.1571 12.1566 13.6569 13.6569C12.1566 15.1571 10.1217 16 8 16C5.87827 16 3.84344 15.1571 2.34315 13.6569C0.842855 12.1566 0 10.1217 0 8C0 5.87827 0.842855 3.84344 2.34315 2.34315C3.84344 0.842855 5.87827 0 8 0C10.1217 0 12.1566 0.842855 13.6569 2.34315C15.1571 3.84344 16 5.87827 16 8ZM9 4C9 4.26522 8.89464 4.51957 8.70711 4.70711C8.51957 4.89464 8.26522 5 8 5C7.73478 5 7.48043 4.89464 7.29289 4.70711C7.10536 4.51957 7 4.26522 7 4C7 3.73478 7.10536 3.48043 7.29289 3.29289C7.48043 3.10536 7.73478 3 8 3C8.26522 3 8.51957 3.10536 8.70711 3.29289C8.89464 3.48043 9 3.73478 9 4ZM7 7C6.73478 7 6.48043 7.10536 6.29289 7.29289C6.10536 7.48043 6 7.73478 6 8C6 8.26522 6.10536 8.51957 6.29289 8.70711C6.48043 8.89464 6.73478 9 7 9V12C7 12.2652 7.10536 12.5196 7.29289 12.7071C7.48043 12.8946 7.73478 13 8 13H9C9.26522 13 9.51957 12.8946 9.70711 12.7071C9.89464 12.5196 10 12.2652 10 12C10 11.7348 9.89464 11.4804 9.70711 11.2929C9.51957 11.1054 9.26522 11 9 11V8C9 7.73478 8.89464 7.48043 8.70711 7.29289C8.51957 7.10536 8.26522 7 8 7H7Z\" fill=\"white\"\/>\n<\/svg><\/span> <div class=\"self-center\">Kurt Jansson | Foto von \u00a9 Doris Hassebrauck  <\/div>\n        <\/figcaption>\n            <\/figure>\n        <\/div>\n\n\n<div class=\"bb-image-block my-4\">\n            <figure class=\"portrait flex flex-col justify-center relative overflow-hidden bg-gray \" role=\"group\">\n        <img loading=\"lazy\" decoding=\"async\" width=\"850\" height=\"850\" src=\"https:\/\/www.wikimedia.de\/zukunftskongress\/wp-content\/uploads\/2024\/05\/Design-ohne-Titel-6.png\" class=\"h-full w-auto\" alt=\"Franziska Heine | Matthias Wehofsky | CC BY-SA 4.0\" sizes=\"auto,  \" srcset=\"https:\/\/www.wikimedia.de\/zukunftskongress\/wp-content\/uploads\/2024\/05\/Design-ohne-Titel-6.png 850w, https:\/\/www.wikimedia.de\/zukunftskongress\/wp-content\/uploads\/2024\/05\/Design-ohne-Titel-6-300x300.png 300w, https:\/\/www.wikimedia.de\/zukunftskongress\/wp-content\/uploads\/2024\/05\/Design-ohne-Titel-6-150x150.png 150w, https:\/\/www.wikimedia.de\/zukunftskongress\/wp-content\/uploads\/2024\/05\/Design-ohne-Titel-6-768x768.png 768w\" \/>                <figcaption class=\"invisible flex absolute left-0 bottom-0 right-0 text-white bg-gray-900 w-auto h-auto z-20 p-2 text-sm flex items-start gap-4 break-all \">\n            <span class='bb-icon flex-shrink-0'><?xml version=\"1.0\" encoding=\"utf-8\"?>\n<svg width=\"16\" height=\"16\" fill=\"none\" viewBox=\"0 0 16 16\" xmlns=\"http:\/\/www.w3.org\/2000\/svg\" role=\"presentation\" aria-hidden=\"true\">\n  <path fill-rule=\"evenodd\" clip-rule=\"evenodd\" d=\"M16 8C16 10.1217 15.1571 12.1566 13.6569 13.6569C12.1566 15.1571 10.1217 16 8 16C5.87827 16 3.84344 15.1571 2.34315 13.6569C0.842855 12.1566 0 10.1217 0 8C0 5.87827 0.842855 3.84344 2.34315 2.34315C3.84344 0.842855 5.87827 0 8 0C10.1217 0 12.1566 0.842855 13.6569 2.34315C15.1571 3.84344 16 5.87827 16 8ZM9 4C9 4.26522 8.89464 4.51957 8.70711 4.70711C8.51957 4.89464 8.26522 5 8 5C7.73478 5 7.48043 4.89464 7.29289 4.70711C7.10536 4.51957 7 4.26522 7 4C7 3.73478 7.10536 3.48043 7.29289 3.29289C7.48043 3.10536 7.73478 3 8 3C8.26522 3 8.51957 3.10536 8.70711 3.29289C8.89464 3.48043 9 3.73478 9 4ZM7 7C6.73478 7 6.48043 7.10536 6.29289 7.29289C6.10536 7.48043 6 7.73478 6 8C6 8.26522 6.10536 8.51957 6.29289 8.70711C6.48043 8.89464 6.73478 9 7 9V12C7 12.2652 7.10536 12.5196 7.29289 12.7071C7.48043 12.8946 7.73478 13 8 13H9C9.26522 13 9.51957 12.8946 9.70711 12.7071C9.89464 12.5196 10 12.2652 10 12C10 11.7348 9.89464 11.4804 9.70711 11.2929C9.51957 11.1054 9.26522 11 9 11V8C9 7.73478 8.89464 7.48043 8.70711 7.29289C8.51957 7.10536 8.26522 7 8 7H7Z\" fill=\"white\"\/>\n<\/svg><\/span> <div class=\"self-center\">Franziska Heine | Foto von Matthias Wehofsky | CC BY-SA 4.0<\/div>\n        <\/figcaption>\n            <\/figure>\n        <\/div>\n\n\n<div class=\"bb-image-block my-4\">\n            <figure class=\"portrait flex flex-col justify-center relative overflow-hidden bg-gray \" role=\"group\">\n        <img loading=\"lazy\" decoding=\"async\" width=\"850\" height=\"850\" src=\"https:\/\/www.wikimedia.de\/zukunftskongress\/wp-content\/uploads\/2024\/05\/Design-ohne-Titel-20.png\" class=\"h-full w-auto\" alt=\"\u00a9 Benjamin Richter\" sizes=\"auto,  \" srcset=\"https:\/\/www.wikimedia.de\/zukunftskongress\/wp-content\/uploads\/2024\/05\/Design-ohne-Titel-20.png 850w, https:\/\/www.wikimedia.de\/zukunftskongress\/wp-content\/uploads\/2024\/05\/Design-ohne-Titel-20-300x300.png 300w, https:\/\/www.wikimedia.de\/zukunftskongress\/wp-content\/uploads\/2024\/05\/Design-ohne-Titel-20-150x150.png 150w, https:\/\/www.wikimedia.de\/zukunftskongress\/wp-content\/uploads\/2024\/05\/Design-ohne-Titel-20-768x768.png 768w\" \/>                <figcaption class=\"invisible flex absolute left-0 bottom-0 right-0 text-white bg-gray-900 w-auto h-auto z-20 p-2 text-sm flex items-start gap-4 break-all \">\n            <span class='bb-icon flex-shrink-0'><?xml version=\"1.0\" encoding=\"utf-8\"?>\n<svg width=\"16\" height=\"16\" fill=\"none\" viewBox=\"0 0 16 16\" xmlns=\"http:\/\/www.w3.org\/2000\/svg\" role=\"presentation\" aria-hidden=\"true\">\n  <path fill-rule=\"evenodd\" clip-rule=\"evenodd\" d=\"M16 8C16 10.1217 15.1571 12.1566 13.6569 13.6569C12.1566 15.1571 10.1217 16 8 16C5.87827 16 3.84344 15.1571 2.34315 13.6569C0.842855 12.1566 0 10.1217 0 8C0 5.87827 0.842855 3.84344 2.34315 2.34315C3.84344 0.842855 5.87827 0 8 0C10.1217 0 12.1566 0.842855 13.6569 2.34315C15.1571 3.84344 16 5.87827 16 8ZM9 4C9 4.26522 8.89464 4.51957 8.70711 4.70711C8.51957 4.89464 8.26522 5 8 5C7.73478 5 7.48043 4.89464 7.29289 4.70711C7.10536 4.51957 7 4.26522 7 4C7 3.73478 7.10536 3.48043 7.29289 3.29289C7.48043 3.10536 7.73478 3 8 3C8.26522 3 8.51957 3.10536 8.70711 3.29289C8.89464 3.48043 9 3.73478 9 4ZM7 7C6.73478 7 6.48043 7.10536 6.29289 7.29289C6.10536 7.48043 6 7.73478 6 8C6 8.26522 6.10536 8.51957 6.29289 8.70711C6.48043 8.89464 6.73478 9 7 9V12C7 12.2652 7.10536 12.5196 7.29289 12.7071C7.48043 12.8946 7.73478 13 8 13H9C9.26522 13 9.51957 12.8946 9.70711 12.7071C9.89464 12.5196 10 12.2652 10 12C10 11.7348 9.89464 11.4804 9.70711 11.2929C9.51957 11.1054 9.26522 11 9 11V8C9 7.73478 8.89464 7.48043 8.70711 7.29289C8.51957 7.10536 8.26522 7 8 7H7Z\" fill=\"white\"\/>\n<\/svg><\/span> <div class=\"self-center\">Marcus Richter | Foto von \u00a9 Benjamin Richter<\/div>\n        <\/figcaption>\n            <\/figure>\n        <\/div><\/div>\n<\/div><\/div>\n\n<div class='grid grid-cols-12 container'><div class='col-span-12 lg:col-span-8 lg:col-start-3'><div class=\"bb-spacer-block h-2 lg:h-4 border-t border-gray-300\">\n\t\n<\/div>\n\n<\/div><\/div>\n\n<div class='grid grid-cols-12 container'><div class='col-span-12 lg:col-span-8 lg:col-start-3'><div class=\"bb-spacer-block h-2 lg:h-4 \">\n\t\n<\/div>\n\n<\/div><\/div>\n\n<div class='grid grid-cols-12 container'><div class='col-span-12 lg:col-span-8 lg:col-start-3'>\n<div class=\"wp-block-group has-aquamarine-300-background-color has-background is-content-justification-center is-nowrap is-layout-flex wp-container-core-group-is-layout-94bc23d7 wp-block-group-is-layout-flex\">\n\n<div data-anchor-title=\"\" class=\"bb-headline-block\">\n\t<div class=\"anchor-offset\" id=\"\"><\/div>\n\t\t\t<h3 class=\"default \">\n\t\t\t<span class=\"\">\n\t\t\t\tWie ver\u00e4ndert sich Community?\t\t\t<\/span>\n\t\t<\/h3>\n\t<\/div>\n<\/div>\n<\/div><\/div>\n\n<div class='grid grid-cols-12 container'><div class='col-span-12 lg:col-span-8 lg:col-start-3'>\n\n<div data-anchor-title=\"\" class=\"bb-headline-block\">\n\t<div class=\"anchor-offset\" id=\"\"><\/div>\n\t\t\t<h4 class=\"default \">\n\t\t\t<span class=\"\">\n\t\t\t\t15:30 \u2013 16:00 Uhr |  Keynote: &#8220;Die n\u00e4chste Community: Wie ver\u00e4ndern wir digitale Teilhabe?&#8221;\t\t\t<\/span>\n\t\t<\/h4>\n\t<\/div>\n<\/div><\/div>\n\n<div class='grid grid-cols-12 container'><div class='col-span-12 lg:col-span-8 lg:col-start-3'><div class=\"bb-spacer-block h-2 lg:h-4 \">\n\t\n<\/div>\n\n<\/div><\/div>\n\n<div class='grid grid-cols-12 container'><div class='col-span-12 lg:col-span-8 lg:col-start-3'>\n<div class=\"wp-block-columns is-layout-flex wp-container-core-columns-is-layout-9d6595d7 wp-block-columns-is-layout-flex\">\n<div class=\"wp-block-column has-aquamarine-300-background-color has-background is-layout-flow wp-block-column-is-layout-flow\" style=\"flex-basis:33.33%\">\n<div class=\"bb-image-block my-4\">\n            <figure class=\"flex flex-col relative  no_caption\" role=\"group\">\n                    <\/figure>\n        <\/div>\n\n\n<div class=\"bb-image-block my-4\">\n            <figure class=\"portrait flex flex-col justify-center relative overflow-hidden bg-gray \" role=\"group\">\n        <img loading=\"lazy\" decoding=\"async\" width=\"850\" height=\"850\" src=\"https:\/\/www.wikimedia.de\/zukunftskongress\/wp-content\/uploads\/2024\/05\/Design-ohne-Titel-21.png\" class=\"h-full w-auto\" alt=\"\u00a9 Daniel Sigge\" sizes=\"auto,  \" srcset=\"https:\/\/www.wikimedia.de\/zukunftskongress\/wp-content\/uploads\/2024\/05\/Design-ohne-Titel-21.png 850w, https:\/\/www.wikimedia.de\/zukunftskongress\/wp-content\/uploads\/2024\/05\/Design-ohne-Titel-21-300x300.png 300w, https:\/\/www.wikimedia.de\/zukunftskongress\/wp-content\/uploads\/2024\/05\/Design-ohne-Titel-21-150x150.png 150w, https:\/\/www.wikimedia.de\/zukunftskongress\/wp-content\/uploads\/2024\/05\/Design-ohne-Titel-21-768x768.png 768w\" \/>                <figcaption class=\"invisible flex absolute left-0 bottom-0 right-0 text-white bg-gray-900 w-auto h-auto z-20 p-2 text-sm flex items-start gap-4 break-all \">\n            <span class='bb-icon flex-shrink-0'><?xml version=\"1.0\" encoding=\"utf-8\"?>\n<svg width=\"16\" height=\"16\" fill=\"none\" viewBox=\"0 0 16 16\" xmlns=\"http:\/\/www.w3.org\/2000\/svg\" role=\"presentation\" aria-hidden=\"true\">\n  <path fill-rule=\"evenodd\" clip-rule=\"evenodd\" d=\"M16 8C16 10.1217 15.1571 12.1566 13.6569 13.6569C12.1566 15.1571 10.1217 16 8 16C5.87827 16 3.84344 15.1571 2.34315 13.6569C0.842855 12.1566 0 10.1217 0 8C0 5.87827 0.842855 3.84344 2.34315 2.34315C3.84344 0.842855 5.87827 0 8 0C10.1217 0 12.1566 0.842855 13.6569 2.34315C15.1571 3.84344 16 5.87827 16 8ZM9 4C9 4.26522 8.89464 4.51957 8.70711 4.70711C8.51957 4.89464 8.26522 5 8 5C7.73478 5 7.48043 4.89464 7.29289 4.70711C7.10536 4.51957 7 4.26522 7 4C7 3.73478 7.10536 3.48043 7.29289 3.29289C7.48043 3.10536 7.73478 3 8 3C8.26522 3 8.51957 3.10536 8.70711 3.29289C8.89464 3.48043 9 3.73478 9 4ZM7 7C6.73478 7 6.48043 7.10536 6.29289 7.29289C6.10536 7.48043 6 7.73478 6 8C6 8.26522 6.10536 8.51957 6.29289 8.70711C6.48043 8.89464 6.73478 9 7 9V12C7 12.2652 7.10536 12.5196 7.29289 12.7071C7.48043 12.8946 7.73478 13 8 13H9C9.26522 13 9.51957 12.8946 9.70711 12.7071C9.89464 12.5196 10 12.2652 10 12C10 11.7348 9.89464 11.4804 9.70711 11.2929C9.51957 11.1054 9.26522 11 9 11V8C9 7.73478 8.89464 7.48043 8.70711 7.29289C8.51957 7.10536 8.26522 7 8 7H7Z\" fill=\"white\"\/>\n<\/svg><\/span> <div class=\"self-center\">Daniel Sigge | Bild von \u00a9 Daniel Sigge<\/div>\n        <\/figcaption>\n            <\/figure>\n        <\/div><\/div>\n\n\n\n<div class=\"wp-block-column is-layout-flow wp-block-column-is-layout-flow\" style=\"flex-basis:66.66%\"><div class=\"bb-spacer-block h-3 lg:h-6 \">\n\t\n<\/div>\n\n\n\n<div class=\"bb-paragraph-block font-inherit  text-base lg:text-xl\">\n\t<p><strong>Speaker<\/strong><span style=\"font-weight: 400;\"><strong>:<\/strong>\u00a0<\/span><a href=\"https:\/\/www.uni-hildesheim.de\/literaturinstitut\/lehrbeauftragte\/\" target=\"_blank\" rel=\"noopener\"><span style=\"font-weight: 400;\">Daniel Sigge<\/span><\/a><span style=\"font-weight: 400;\"> (Kulturwissenschaftler und <\/span><span style=\"font-weight: 400;\">International Community Growth Manager bei Reddit, davor Ecosystem Strategy Lead f\u00fcr TikTok, YouTube, Google. Lehrbeauftragter im Labor f\u00fcr digitale Textpraxis am Literaturinstitut der Universit\u00e4t Hildesheim)<\/span><\/p>\n<\/div>\n<\/div>\n<\/div>\n<\/div><\/div>\n\n<div class='grid grid-cols-12 container'><div class='col-span-12 lg:col-span-8 lg:col-start-3'><div class=\"bb-paragraph-block font-inherit  text-base lg:text-xl\">\n\t<p><strong>Inhalt:<\/strong> Wie kommen wir heute zusammen? In der fortschreitenden Digitalit\u00e4t wird die Luft um partizipative R\u00e4ume d\u00fcnner. Alle wollen Communities aufbauen: Plattformen, Creator*innen, Marken. Welche Lebenszyklen durchlaufen Online-Communities dabei? Wie agieren maturierte Communities innerhalb von Plattform-Architekturen? Und wie machen wir hier weiter? Die Keynote besch\u00e4ftigt sich experimentell mit zeitgen\u00f6ssischen Formen digitaler Community-Arbeit.<\/p>\n<\/div>\n<\/div><\/div>\n\n<div class='grid grid-cols-12 container'><div class='col-span-12 lg:col-span-8 lg:col-start-3'><div class=\"bb-spacer-block h-2 lg:h-4 \">\n\t\n<\/div>\n\n<\/div><\/div>\n\n<div class='grid grid-cols-12 container'><div class='col-span-12 lg:col-span-8 lg:col-start-3'><div class=\"bb-paragraph-block font-inherit  text-base lg:text-xl\">\n\t<\/div>\n<\/div><\/div>\n\n<div class='grid grid-cols-12 container'><div class='col-span-12 lg:col-span-8 lg:col-start-3'><div class=\"bb-spacer-block h-2 lg:h-4 border-t border-gray-300\">\n\t\n<\/div>\n\n<\/div><\/div>\n\n<div class='grid grid-cols-12 container'><div class='col-span-12 lg:col-span-8 lg:col-start-3'><div class=\"bb-spacer-block h-2 lg:h-4 \">\n\t\n<\/div>\n\n<\/div><\/div>\n\n<div class='grid grid-cols-12 container'><div class='col-span-12 lg:col-span-8 lg:col-start-3'>\n\n<div data-anchor-title=\"\" class=\"bb-headline-block\">\n\t<div class=\"anchor-offset\" id=\"\"><\/div>\n\t\t\t<h4 class=\"default \">\n\t\t\t<span class=\"\">\n\t\t\t\t16:00 \u2013 17:30 Uhr |  Podium: &#8220;Zwischen Tradition und Innovation &#8211; wie entwickelt sich die Wikipedia-Community?&#8221;\t\t\t<\/span>\n\t\t<\/h4>\n\t<\/div>\n<\/div><\/div>\n\n<div class='grid grid-cols-12 container'><div class='col-span-12 lg:col-span-8 lg:col-start-3'><div class=\"bb-spacer-block h-2 lg:h-4 \">\n\t\n<\/div>\n\n<\/div><\/div>\n\n<div class='grid grid-cols-12 container'><div class='col-span-12 lg:col-span-8 lg:col-start-3'><div class=\"bb-paragraph-block font-inherit  text-base lg:text-xl\">\n\t<p><span style=\"font-weight: 400;\">Wikipedia gilt als eine der langlebigsten und bedeutendsten Online-Communities. Seit ihrem Start im Jahr 2001 wurden in der deutschsprachigen Wikipedia mehr als 4 Millionen Benutzeraccounts erstellt. Beteiligt haben sich die Angemeldeten sehr unterschiedlich. Manche sind dabei geblieben, viele nicht. Ca. 6.000 Wikipedianer*innen editieren regelm\u00e4\u00dfig. Einige Gruppen sind bis heute in der Community unterrepr\u00e4sentiert.\u00a0<\/span><\/p>\n<p><span style=\"font-weight: 400;\">Wohin entwickelt sich die Wikipedia-Community in der Zukunft? Welche Entwicklungszyklen, Muster und Trends lassen sich in anderen Online-Communities ausmachen? Mit verschiedenen Perspektiven auf dem Podium und Input aus dem Publikum soll es um die Frage gehen, welche Werte gest\u00e4rkt werden k\u00f6nnen und wo es sich lohnt, ganz neue Strategien zu entwickeln.<\/span><\/p>\n<p><strong>Panelist*innen:<\/strong><\/p>\n<ul>\n<li><span style=\"font-weight: 400;\"><a href=\"https:\/\/www.uni-hildesheim.de\/literaturinstitut\/lehrbeauftragte\/#sigge\" target=\"_blank\" rel=\"noopener\">Daniel Sigge<\/a> (Kulturwissenschaftler und International Community Growth Manager bei Reddit)<\/span><\/li>\n<li><span style=\"font-weight: 400;\"><a href=\"https:\/\/openfuture.eu\/author\/jan\/\" target=\"_blank\" rel=\"noopener\">Jan Krewer<\/a><\/span>\u00a0(Senior Policy Analyst bei Open Future)<\/li>\n<li><span style=\"font-weight: 400;\"><a href=\"https:\/\/de.wikipedia.org\/wiki\/Benutzerin:DomenikaBo\" target=\"_blank\" rel=\"noopener\">DomenikaBo<\/a> (langj\u00e4hrige Wikipedianerin)<\/span><\/li>\n<li><span style=\"font-weight: 400;\"><a href=\"https:\/\/meta.wikimedia.org\/wiki\/User:MGerlach_(WMF)\" target=\"_blank\" rel=\"noopener\">Martin Gerlach<\/a> (Senior Research Scientist bei der Wikimedia Foundation)<\/span><\/li>\n<\/ul>\n<p><strong>Moderation:<\/strong> <span style=\"font-weight: 400;\"><a href=\"https:\/\/sonjafischbauer.com\/\">Sonja Fischbauer<\/a> (Open Knowledge Foundation und stellvertretende Obfrau von Wikimedia \u00d6sterreich)<\/span><\/p>\n<\/div>\n<\/div><\/div>\n\n<div class='grid grid-cols-12 container'><div class='col-span-12 lg:col-span-8 lg:col-start-3'>\n<div class=\"wp-block-group has-turquoise-100-background-color has-background is-nowrap is-layout-flex wp-container-core-group-is-layout-ad2f72ca wp-block-group-is-layout-flex\">\n<div class=\"bb-image-block my-4\">\n            <figure class=\"portrait flex flex-col justify-center relative overflow-hidden bg-gray \" role=\"group\">\n        <img loading=\"lazy\" decoding=\"async\" width=\"850\" height=\"850\" src=\"https:\/\/www.wikimedia.de\/zukunftskongress\/wp-content\/uploads\/2024\/05\/Design-ohne-Titel-21.png\" class=\"h-full w-auto\" alt=\"\u00a9 Daniel Sigge\" sizes=\"auto,  \" srcset=\"https:\/\/www.wikimedia.de\/zukunftskongress\/wp-content\/uploads\/2024\/05\/Design-ohne-Titel-21.png 850w, https:\/\/www.wikimedia.de\/zukunftskongress\/wp-content\/uploads\/2024\/05\/Design-ohne-Titel-21-300x300.png 300w, https:\/\/www.wikimedia.de\/zukunftskongress\/wp-content\/uploads\/2024\/05\/Design-ohne-Titel-21-150x150.png 150w, https:\/\/www.wikimedia.de\/zukunftskongress\/wp-content\/uploads\/2024\/05\/Design-ohne-Titel-21-768x768.png 768w\" \/>                <figcaption class=\"invisible flex absolute left-0 bottom-0 right-0 text-white bg-gray-900 w-auto h-auto z-20 p-2 text-sm flex items-start gap-4 break-all \">\n            <span class='bb-icon flex-shrink-0'><?xml version=\"1.0\" encoding=\"utf-8\"?>\n<svg width=\"16\" height=\"16\" fill=\"none\" viewBox=\"0 0 16 16\" xmlns=\"http:\/\/www.w3.org\/2000\/svg\" role=\"presentation\" aria-hidden=\"true\">\n  <path fill-rule=\"evenodd\" clip-rule=\"evenodd\" d=\"M16 8C16 10.1217 15.1571 12.1566 13.6569 13.6569C12.1566 15.1571 10.1217 16 8 16C5.87827 16 3.84344 15.1571 2.34315 13.6569C0.842855 12.1566 0 10.1217 0 8C0 5.87827 0.842855 3.84344 2.34315 2.34315C3.84344 0.842855 5.87827 0 8 0C10.1217 0 12.1566 0.842855 13.6569 2.34315C15.1571 3.84344 16 5.87827 16 8ZM9 4C9 4.26522 8.89464 4.51957 8.70711 4.70711C8.51957 4.89464 8.26522 5 8 5C7.73478 5 7.48043 4.89464 7.29289 4.70711C7.10536 4.51957 7 4.26522 7 4C7 3.73478 7.10536 3.48043 7.29289 3.29289C7.48043 3.10536 7.73478 3 8 3C8.26522 3 8.51957 3.10536 8.70711 3.29289C8.89464 3.48043 9 3.73478 9 4ZM7 7C6.73478 7 6.48043 7.10536 6.29289 7.29289C6.10536 7.48043 6 7.73478 6 8C6 8.26522 6.10536 8.51957 6.29289 8.70711C6.48043 8.89464 6.73478 9 7 9V12C7 12.2652 7.10536 12.5196 7.29289 12.7071C7.48043 12.8946 7.73478 13 8 13H9C9.26522 13 9.51957 12.8946 9.70711 12.7071C9.89464 12.5196 10 12.2652 10 12C10 11.7348 9.89464 11.4804 9.70711 11.2929C9.51957 11.1054 9.26522 11 9 11V8C9 7.73478 8.89464 7.48043 8.70711 7.29289C8.51957 7.10536 8.26522 7 8 7H7Z\" fill=\"white\"\/>\n<\/svg><\/span> <div class=\"self-center\">Daniel Sigge | Bild von \u00a9 Daniel Sigge<\/div>\n        <\/figcaption>\n            <\/figure>\n        <\/div>\n\n\n<div class=\"bb-image-block my-4\">\n            <figure class=\"portrait flex flex-col justify-center relative overflow-hidden bg-gray \" role=\"group\">\n        <img loading=\"lazy\" decoding=\"async\" width=\"850\" height=\"850\" src=\"https:\/\/www.wikimedia.de\/zukunftskongress\/wp-content\/uploads\/2024\/05\/Design-ohne-Titel-22.png\" class=\"h-full w-auto\" alt=\"\u00a9 Edo Emmering\" sizes=\"auto,  \" srcset=\"https:\/\/www.wikimedia.de\/zukunftskongress\/wp-content\/uploads\/2024\/05\/Design-ohne-Titel-22.png 850w, https:\/\/www.wikimedia.de\/zukunftskongress\/wp-content\/uploads\/2024\/05\/Design-ohne-Titel-22-300x300.png 300w, https:\/\/www.wikimedia.de\/zukunftskongress\/wp-content\/uploads\/2024\/05\/Design-ohne-Titel-22-150x150.png 150w, https:\/\/www.wikimedia.de\/zukunftskongress\/wp-content\/uploads\/2024\/05\/Design-ohne-Titel-22-768x768.png 768w\" \/>                <figcaption class=\"invisible flex absolute left-0 bottom-0 right-0 text-white bg-gray-900 w-auto h-auto z-20 p-2 text-sm flex items-start gap-4 break-all \">\n            <span class='bb-icon flex-shrink-0'><?xml version=\"1.0\" encoding=\"utf-8\"?>\n<svg width=\"16\" height=\"16\" fill=\"none\" viewBox=\"0 0 16 16\" xmlns=\"http:\/\/www.w3.org\/2000\/svg\" role=\"presentation\" aria-hidden=\"true\">\n  <path fill-rule=\"evenodd\" clip-rule=\"evenodd\" d=\"M16 8C16 10.1217 15.1571 12.1566 13.6569 13.6569C12.1566 15.1571 10.1217 16 8 16C5.87827 16 3.84344 15.1571 2.34315 13.6569C0.842855 12.1566 0 10.1217 0 8C0 5.87827 0.842855 3.84344 2.34315 2.34315C3.84344 0.842855 5.87827 0 8 0C10.1217 0 12.1566 0.842855 13.6569 2.34315C15.1571 3.84344 16 5.87827 16 8ZM9 4C9 4.26522 8.89464 4.51957 8.70711 4.70711C8.51957 4.89464 8.26522 5 8 5C7.73478 5 7.48043 4.89464 7.29289 4.70711C7.10536 4.51957 7 4.26522 7 4C7 3.73478 7.10536 3.48043 7.29289 3.29289C7.48043 3.10536 7.73478 3 8 3C8.26522 3 8.51957 3.10536 8.70711 3.29289C8.89464 3.48043 9 3.73478 9 4ZM7 7C6.73478 7 6.48043 7.10536 6.29289 7.29289C6.10536 7.48043 6 7.73478 6 8C6 8.26522 6.10536 8.51957 6.29289 8.70711C6.48043 8.89464 6.73478 9 7 9V12C7 12.2652 7.10536 12.5196 7.29289 12.7071C7.48043 12.8946 7.73478 13 8 13H9C9.26522 13 9.51957 12.8946 9.70711 12.7071C9.89464 12.5196 10 12.2652 10 12C10 11.7348 9.89464 11.4804 9.70711 11.2929C9.51957 11.1054 9.26522 11 9 11V8C9 7.73478 8.89464 7.48043 8.70711 7.29289C8.51957 7.10536 8.26522 7 8 7H7Z\" fill=\"white\"\/>\n<\/svg><\/span> <div class=\"self-center\">Jan Krewer | Foto von \u00a9 Edo Emmering<\/div>\n        <\/figcaption>\n            <\/figure>\n        <\/div>\n\n\n<div class=\"bb-image-block my-4\">\n            <figure class=\"portrait flex flex-col justify-center relative overflow-hidden bg-gray \" role=\"group\">\n        <img loading=\"lazy\" decoding=\"async\" width=\"850\" height=\"850\" src=\"https:\/\/www.wikimedia.de\/zukunftskongress\/wp-content\/uploads\/2024\/05\/Design-ohne-Titel-23.png\" class=\"h-full w-auto\" alt=\"\u00a9 Domenika Bolls\" sizes=\"auto,  \" srcset=\"https:\/\/www.wikimedia.de\/zukunftskongress\/wp-content\/uploads\/2024\/05\/Design-ohne-Titel-23.png 850w, https:\/\/www.wikimedia.de\/zukunftskongress\/wp-content\/uploads\/2024\/05\/Design-ohne-Titel-23-300x300.png 300w, https:\/\/www.wikimedia.de\/zukunftskongress\/wp-content\/uploads\/2024\/05\/Design-ohne-Titel-23-150x150.png 150w, https:\/\/www.wikimedia.de\/zukunftskongress\/wp-content\/uploads\/2024\/05\/Design-ohne-Titel-23-768x768.png 768w\" \/>                <figcaption class=\"invisible flex absolute left-0 bottom-0 right-0 text-white bg-gray-900 w-auto h-auto z-20 p-2 text-sm flex items-start gap-4 break-all \">\n            <span class='bb-icon flex-shrink-0'><?xml version=\"1.0\" encoding=\"utf-8\"?>\n<svg width=\"16\" height=\"16\" fill=\"none\" viewBox=\"0 0 16 16\" xmlns=\"http:\/\/www.w3.org\/2000\/svg\" role=\"presentation\" aria-hidden=\"true\">\n  <path fill-rule=\"evenodd\" clip-rule=\"evenodd\" d=\"M16 8C16 10.1217 15.1571 12.1566 13.6569 13.6569C12.1566 15.1571 10.1217 16 8 16C5.87827 16 3.84344 15.1571 2.34315 13.6569C0.842855 12.1566 0 10.1217 0 8C0 5.87827 0.842855 3.84344 2.34315 2.34315C3.84344 0.842855 5.87827 0 8 0C10.1217 0 12.1566 0.842855 13.6569 2.34315C15.1571 3.84344 16 5.87827 16 8ZM9 4C9 4.26522 8.89464 4.51957 8.70711 4.70711C8.51957 4.89464 8.26522 5 8 5C7.73478 5 7.48043 4.89464 7.29289 4.70711C7.10536 4.51957 7 4.26522 7 4C7 3.73478 7.10536 3.48043 7.29289 3.29289C7.48043 3.10536 7.73478 3 8 3C8.26522 3 8.51957 3.10536 8.70711 3.29289C8.89464 3.48043 9 3.73478 9 4ZM7 7C6.73478 7 6.48043 7.10536 6.29289 7.29289C6.10536 7.48043 6 7.73478 6 8C6 8.26522 6.10536 8.51957 6.29289 8.70711C6.48043 8.89464 6.73478 9 7 9V12C7 12.2652 7.10536 12.5196 7.29289 12.7071C7.48043 12.8946 7.73478 13 8 13H9C9.26522 13 9.51957 12.8946 9.70711 12.7071C9.89464 12.5196 10 12.2652 10 12C10 11.7348 9.89464 11.4804 9.70711 11.2929C9.51957 11.1054 9.26522 11 9 11V8C9 7.73478 8.89464 7.48043 8.70711 7.29289C8.51957 7.10536 8.26522 7 8 7H7Z\" fill=\"white\"\/>\n<\/svg><\/span> <div class=\"self-center\">Domenika Bolls | Foto von \u00a9  Domenika Bolls<\/div>\n        <\/figcaption>\n            <\/figure>\n        <\/div>\n\n\n<div class=\"bb-image-block my-4\">\n            <figure class=\"portrait flex flex-col justify-center relative overflow-hidden bg-gray \" role=\"group\">\n        <img loading=\"lazy\" decoding=\"async\" width=\"850\" height=\"850\" src=\"https:\/\/www.wikimedia.de\/zukunftskongress\/wp-content\/uploads\/2024\/05\/Design-ohne-Titel-25.png\" class=\"h-full w-auto\" alt=\"Martin Gerlach | CC BY-SA 4.0\" sizes=\"auto,  \" srcset=\"https:\/\/www.wikimedia.de\/zukunftskongress\/wp-content\/uploads\/2024\/05\/Design-ohne-Titel-25.png 850w, https:\/\/www.wikimedia.de\/zukunftskongress\/wp-content\/uploads\/2024\/05\/Design-ohne-Titel-25-300x300.png 300w, https:\/\/www.wikimedia.de\/zukunftskongress\/wp-content\/uploads\/2024\/05\/Design-ohne-Titel-25-150x150.png 150w, https:\/\/www.wikimedia.de\/zukunftskongress\/wp-content\/uploads\/2024\/05\/Design-ohne-Titel-25-768x768.png 768w\" \/>                <figcaption class=\"invisible flex absolute left-0 bottom-0 right-0 text-white bg-gray-900 w-auto h-auto z-20 p-2 text-sm flex items-start gap-4 break-all \">\n            <span class='bb-icon flex-shrink-0'><?xml version=\"1.0\" encoding=\"utf-8\"?>\n<svg width=\"16\" height=\"16\" fill=\"none\" viewBox=\"0 0 16 16\" xmlns=\"http:\/\/www.w3.org\/2000\/svg\" role=\"presentation\" aria-hidden=\"true\">\n  <path fill-rule=\"evenodd\" clip-rule=\"evenodd\" d=\"M16 8C16 10.1217 15.1571 12.1566 13.6569 13.6569C12.1566 15.1571 10.1217 16 8 16C5.87827 16 3.84344 15.1571 2.34315 13.6569C0.842855 12.1566 0 10.1217 0 8C0 5.87827 0.842855 3.84344 2.34315 2.34315C3.84344 0.842855 5.87827 0 8 0C10.1217 0 12.1566 0.842855 13.6569 2.34315C15.1571 3.84344 16 5.87827 16 8ZM9 4C9 4.26522 8.89464 4.51957 8.70711 4.70711C8.51957 4.89464 8.26522 5 8 5C7.73478 5 7.48043 4.89464 7.29289 4.70711C7.10536 4.51957 7 4.26522 7 4C7 3.73478 7.10536 3.48043 7.29289 3.29289C7.48043 3.10536 7.73478 3 8 3C8.26522 3 8.51957 3.10536 8.70711 3.29289C8.89464 3.48043 9 3.73478 9 4ZM7 7C6.73478 7 6.48043 7.10536 6.29289 7.29289C6.10536 7.48043 6 7.73478 6 8C6 8.26522 6.10536 8.51957 6.29289 8.70711C6.48043 8.89464 6.73478 9 7 9V12C7 12.2652 7.10536 12.5196 7.29289 12.7071C7.48043 12.8946 7.73478 13 8 13H9C9.26522 13 9.51957 12.8946 9.70711 12.7071C9.89464 12.5196 10 12.2652 10 12C10 11.7348 9.89464 11.4804 9.70711 11.2929C9.51957 11.1054 9.26522 11 9 11V8C9 7.73478 8.89464 7.48043 8.70711 7.29289C8.51957 7.10536 8.26522 7 8 7H7Z\" fill=\"white\"\/>\n<\/svg><\/span> <div class=\"self-center\">Martin Gerlach| Foto von Martin Gerlach | CC BY-SA 4.0<\/div>\n        <\/figcaption>\n            <\/figure>\n        <\/div>\n\n\n<div class=\"bb-image-block my-4\">\n            <figure class=\"portrait flex flex-col justify-center relative overflow-hidden bg-gray \" role=\"group\">\n        <img loading=\"lazy\" decoding=\"async\" width=\"850\" height=\"850\" src=\"https:\/\/www.wikimedia.de\/zukunftskongress\/wp-content\/uploads\/2024\/05\/Design-ohne-Titel-26.png\" class=\"h-full w-auto\" alt=\"Ekvidi | CC BY-SA 4.0\" sizes=\"auto,  \" srcset=\"https:\/\/www.wikimedia.de\/zukunftskongress\/wp-content\/uploads\/2024\/05\/Design-ohne-Titel-26.png 850w, https:\/\/www.wikimedia.de\/zukunftskongress\/wp-content\/uploads\/2024\/05\/Design-ohne-Titel-26-300x300.png 300w, https:\/\/www.wikimedia.de\/zukunftskongress\/wp-content\/uploads\/2024\/05\/Design-ohne-Titel-26-150x150.png 150w, https:\/\/www.wikimedia.de\/zukunftskongress\/wp-content\/uploads\/2024\/05\/Design-ohne-Titel-26-768x768.png 768w\" \/>                <figcaption class=\"invisible flex absolute left-0 bottom-0 right-0 text-white bg-gray-900 w-auto h-auto z-20 p-2 text-sm flex items-start gap-4 break-all \">\n            <span class='bb-icon flex-shrink-0'><?xml version=\"1.0\" encoding=\"utf-8\"?>\n<svg width=\"16\" height=\"16\" fill=\"none\" viewBox=\"0 0 16 16\" xmlns=\"http:\/\/www.w3.org\/2000\/svg\" role=\"presentation\" aria-hidden=\"true\">\n  <path fill-rule=\"evenodd\" clip-rule=\"evenodd\" d=\"M16 8C16 10.1217 15.1571 12.1566 13.6569 13.6569C12.1566 15.1571 10.1217 16 8 16C5.87827 16 3.84344 15.1571 2.34315 13.6569C0.842855 12.1566 0 10.1217 0 8C0 5.87827 0.842855 3.84344 2.34315 2.34315C3.84344 0.842855 5.87827 0 8 0C10.1217 0 12.1566 0.842855 13.6569 2.34315C15.1571 3.84344 16 5.87827 16 8ZM9 4C9 4.26522 8.89464 4.51957 8.70711 4.70711C8.51957 4.89464 8.26522 5 8 5C7.73478 5 7.48043 4.89464 7.29289 4.70711C7.10536 4.51957 7 4.26522 7 4C7 3.73478 7.10536 3.48043 7.29289 3.29289C7.48043 3.10536 7.73478 3 8 3C8.26522 3 8.51957 3.10536 8.70711 3.29289C8.89464 3.48043 9 3.73478 9 4ZM7 7C6.73478 7 6.48043 7.10536 6.29289 7.29289C6.10536 7.48043 6 7.73478 6 8C6 8.26522 6.10536 8.51957 6.29289 8.70711C6.48043 8.89464 6.73478 9 7 9V12C7 12.2652 7.10536 12.5196 7.29289 12.7071C7.48043 12.8946 7.73478 13 8 13H9C9.26522 13 9.51957 12.8946 9.70711 12.7071C9.89464 12.5196 10 12.2652 10 12C10 11.7348 9.89464 11.4804 9.70711 11.2929C9.51957 11.1054 9.26522 11 9 11V8C9 7.73478 8.89464 7.48043 8.70711 7.29289C8.51957 7.10536 8.26522 7 8 7H7Z\" fill=\"white\"\/>\n<\/svg><\/span> <div class=\"self-center\">Sonja Fischbauer | Foto von Ekvidi | CC BY-SA 4.0<\/div>\n        <\/figcaption>\n            <\/figure>\n        <\/div><\/div>\n<\/div><\/div>\n\n<div class='grid grid-cols-12 container'><div class='col-span-12 lg:col-span-8 lg:col-start-3'><div class=\"bb-spacer-block h-2 lg:h-4 \">\n\t\n<\/div>\n\n<\/div><\/div>\n\n<div class='grid grid-cols-12 container'><div class='col-span-12 lg:col-span-8 lg:col-start-3'><div class=\"bb-spacer-block h-2 lg:h-4 border-t border-gray-300\">\n\t\n<\/div>\n\n<\/div><\/div>\n\n<div class='grid grid-cols-12 container'><div class='col-span-12 lg:col-span-8 lg:col-start-3'><div class=\"bb-spacer-block h-2 lg:h-4 \">\n\t\n<\/div>\n\n<\/div><\/div>\n\n<div class='grid grid-cols-12 container'><div class='col-span-12 lg:col-span-8 lg:col-start-3'>\n\n<div data-anchor-title=\"\" class=\"bb-headline-block\">\n\t<div class=\"anchor-offset\" id=\"\"><\/div>\n\t\t\t<h4 class=\"default \">\n\t\t\t<span class=\"\">\n\t\t\t\t17:30 &#8211; 17:45 Uhr I Abschluss des Tages\t\t\t<\/span>\n\t\t<\/h4>\n\t<\/div>\n<\/div><\/div>\n\n<div class='grid grid-cols-12 container'><div class='col-span-12 lg:col-span-8 lg:col-start-3'><div class=\"bb-spacer-block h-2 lg:h-4 \">\n\t\n<\/div>\n\n<\/div><\/div>","protected":false},"excerpt":{"rendered":"","protected":false},"author":3,"featured_media":0,"parent":67,"menu_order":0,"comment_status":"closed","ping_status":"closed","template":"","meta":{"_acf_changed":false,"footnotes":""},"class_list":["post-118","page","type-page","status-publish","hentry"],"acf":[],"_links":{"self":[{"href":"https:\/\/www.wikimedia.de\/zukunftskongress\/wp-json\/wp\/v2\/pages\/118","targetHints":{"allow":["GET"]}}],"collection":[{"href":"https:\/\/www.wikimedia.de\/zukunftskongress\/wp-json\/wp\/v2\/pages"}],"about":[{"href":"https:\/\/www.wikimedia.de\/zukunftskongress\/wp-json\/wp\/v2\/types\/page"}],"author":[{"embeddable":true,"href":"https:\/\/www.wikimedia.de\/zukunftskongress\/wp-json\/wp\/v2\/users\/3"}],"replies":[{"embeddable":true,"href":"https:\/\/www.wikimedia.de\/zukunftskongress\/wp-json\/wp\/v2\/comments?post=118"}],"version-history":[{"count":122,"href":"https:\/\/www.wikimedia.de\/zukunftskongress\/wp-json\/wp\/v2\/pages\/118\/revisions"}],"predecessor-version":[{"id":881,"href":"https:\/\/www.wikimedia.de\/zukunftskongress\/wp-json\/wp\/v2\/pages\/118\/revisions\/881"}],"up":[{"embeddable":true,"href":"https:\/\/www.wikimedia.de\/zukunftskongress\/wp-json\/wp\/v2\/pages\/67"}],"wp:attachment":[{"href":"https:\/\/www.wikimedia.de\/zukunftskongress\/wp-json\/wp\/v2\/media?parent=118"}],"curies":[{"name":"wp","href":"https:\/\/api.w.org\/{rel}","templated":true}]}}